{"id":4833,"date":"2025-04-02T20:06:08","date_gmt":"2025-04-02T20:06:08","guid":{"rendered":"https:\/\/fondazione-riccardo-marina-mantovani.org\/?page_id=4833"},"modified":"2025-05-26T15:17:50","modified_gmt":"2025-05-26T15:17:50","slug":"proyecto-acquamarina","status":"publish","type":"page","link":"https:\/\/fondazione-riccardo-marina-mantovani.org\/es\/proyecto-acquamarina\/","title":{"rendered":"Proyecto AcquaMarina"},"content":{"rendered":"\n<style type=\"text\/css\" data-created_by=\"avia_inline_auto\" id=\"style-css-av-mb2ct6hz-ad9c7f21e6e951d983780fe40745a945\">\n.avia-section.av-mb2ct6hz-ad9c7f21e6e951d983780fe40745a945{\nbackground-color:#000000;\nbackground-image:unset;\n}\n<\/style>\n<div id='av_section_1'  class='avia-section av-mb2ct6hz-ad9c7f21e6e951d983780fe40745a945 main_color avia-section-default avia-no-border-styling  avia-builder-el-0  el_before_av_section  avia-builder-el-first  av-medium-hide av-small-hide av-mini-hide avia-bg-style-scroll av-minimum-height av-minimum-height-100 av-height-100  av-section-with-video-bg container_wrap fullsize'   data-av_minimum_height_pc='100' data-av_min_height_opt='100' data-section-video-ratio='16:9'><div  class='avia-slideshow av_slideshow_obj-1-69f5f42a6ee79 avia-slideshow-featured av_slideshow avia-slide-slider av-slideshow-ui av-control-default av-slideshow-manual av-loop-once av-loop-manual-endless av-default-height-applied  av-section-video-bg avia-slideshow-1' data-slideshow-options=\"{&quot;animation&quot;:&quot;slide&quot;,&quot;autoplay&quot;:false,&quot;loop_autoplay&quot;:&quot;once&quot;,&quot;interval&quot;:5,&quot;loop_manual&quot;:&quot;manual-endless&quot;,&quot;autoplay_stopper&quot;:false,&quot;noNavigation&quot;:false,&quot;bg_slider&quot;:false,&quot;keep_padding&quot;:false,&quot;hoverpause&quot;:false,&quot;show_slide_delay&quot;:0}\"  itemprop=\"image\" itemscope=\"itemscope\" itemtype=\"https:\/\/schema.org\/ImageObject\" ><ul class='avia-slideshow-inner ' style='padding-bottom: 28.666666666667%;'><li  data-controls='disabled' data-mute='aviaTBaviaTBvideo_mute' data-loop='1' data-disable-autoplay=''  data-video-ratio='1.7777777777778' class='avia-slideshow-slide av_slideshow_obj-1-69f5f42a6ee79__0  av-video-slide  av-video-service-html5  av-hide-video-controls av-mute-video av-loop-video  av-single-slide slide-1 slide-odd'><div data-rel='slideshow-1' class='avia-slide-wrap '    itemprop=\"video\" itemtype=\"https:\/\/schema.org\/VideoObject\" ><div class='av-click-overlay'><\/div><video class='avia_video'  autoplay playsinline loop preload=\"metadata\" muted  id='player_4833_178115902_1304481351'><source src=\"https:\/\/fondazione-riccardo-marina-mantovani.org\/wp-content\/uploads\/2025\/05\/Video-AcquaMarina-ES-N-1.mp4\" type=\"video\/mp4\" \/><\/video><div class=\"av-click-to-play-overlay\"><div class=\"avia_playpause_icon\"><\/div><\/div><\/div><\/li><\/ul><\/div><div class='container av-section-cont-open' ><main  role=\"main\" itemprop=\"mainContentOfPage\"  class='template-page content  av-content-full alpha units'><div class='post-entry post-entry-type-page post-entry-4833'><div class='entry-content-wrapper clearfix'>\n<\/div><\/div><\/main><!-- close content main element --><\/div><\/div>\n<style type=\"text\/css\" data-created_by=\"avia_inline_auto\" id=\"style-css-av-mb2ctvin-5a764492b1503265201460a7bbe6728f\">\n.avia-section.av-mb2ctvin-5a764492b1503265201460a7bbe6728f{\nbackground-color:#000000;\nbackground-image:unset;\n}\n<\/style>\n<div id='av_section_2'  class='avia-section av-mb2ctvin-5a764492b1503265201460a7bbe6728f main_color avia-section-default avia-no-border-styling  avia-builder-el-1  el_after_av_section  el_before_av_one_full  av-desktop-hide avia-bg-style-scroll av-minimum-height av-minimum-height-90 av-height-percent  av-section-with-video-bg container_wrap fullsize'   data-av_minimum_height_pc='90' data-av_min_height_opt='percent' data-section-video-ratio='9:16'><div  class='avia-slideshow av_slideshow_obj-2-69f5f42bd60ae avia-slideshow-featured av_slideshow avia-slide-slider av-slideshow-ui av-control-default av-slideshow-manual av-loop-once av-loop-manual-endless av-default-height-applied  av-section-video-bg avia-slideshow-2' data-slideshow-options=\"{&quot;animation&quot;:&quot;slide&quot;,&quot;autoplay&quot;:false,&quot;loop_autoplay&quot;:&quot;once&quot;,&quot;interval&quot;:5,&quot;loop_manual&quot;:&quot;manual-endless&quot;,&quot;autoplay_stopper&quot;:false,&quot;noNavigation&quot;:false,&quot;bg_slider&quot;:false,&quot;keep_padding&quot;:false,&quot;hoverpause&quot;:false,&quot;show_slide_delay&quot;:0}\"  itemprop=\"image\" itemscope=\"itemscope\" itemtype=\"https:\/\/schema.org\/ImageObject\" ><ul class='avia-slideshow-inner ' style='padding-bottom: 28.666666666667%;'><li  data-controls='disabled' data-mute='aviaTBaviaTBvideo_mute' data-loop='1' data-disable-autoplay=''  data-video-ratio='0.5625' class='avia-slideshow-slide av_slideshow_obj-2-69f5f42bd60ae__0  av-video-slide  av-video-service-html5  av-hide-video-controls av-mute-video av-loop-video  av-single-slide slide-1 slide-odd'><div data-rel='slideshow-2' class='avia-slide-wrap '    itemprop=\"video\" itemtype=\"https:\/\/schema.org\/VideoObject\" ><div class='av-click-overlay'><\/div><video class='avia_video'  autoplay playsinline loop preload=\"metadata\" muted  id='player_4833_1191610587_559646669'><source src=\"https:\/\/fondazione-riccardo-marina-mantovani.org\/wp-content\/uploads\/2025\/05\/Video-AcquaMarina-mobile-ES-2.mp4\" type=\"video\/mp4\" \/><\/video><div class=\"av-click-to-play-overlay\"><div class=\"avia_playpause_icon\"><\/div><\/div><\/div><\/li><\/ul><\/div><div class='container av-section-cont-open' ><div class='template-page content  av-content-full alpha units'><div class='post-entry post-entry-type-page post-entry-4833'><div class='entry-content-wrapper clearfix'><\/div><\/div><\/div><!-- close content main div --><\/div><\/div><div id='after_section_2'  class='main_color av_default_container_wrap container_wrap fullsize'  ><div class='container av-section-cont-open' ><div class='template-page content  av-content-full alpha units'><div class='post-entry post-entry-type-page post-entry-4833'><div class='entry-content-wrapper clearfix'>\n\n<style type=\"text\/css\" data-created_by=\"avia_inline_auto\" id=\"style-css-av-138zfrh-8567f26df8631f51b57634c426720483\">\n.avia_transform .flex_column.av-138zfrh-8567f26df8631f51b57634c426720483{\nanimation-duration:2.5s;\n}\n\n@media only screen and (min-width: 990px){ \n.flex_column.av-138zfrh-8567f26df8631f51b57634c426720483{\npadding:0 20% 0 20%;\n}\n}\n\n@media only screen and (min-width: 480px) and (max-width: 767px){ \n.flex_column.av-138zfrh-8567f26df8631f51b57634c426720483{\npadding:0 0 0 0;\n}\n}\n<\/style>\n<div  id=\"chi\"  class='flex_column av-138zfrh-8567f26df8631f51b57634c426720483 av_one_full  avia-builder-el-2  el_after_av_section  el_before_av_one_full  avia-builder-el-first  first flex_column_div av-animated-generic fade-in  '     ><p>\n<style type=\"text\/css\" data-created_by=\"avia_inline_auto\" id=\"style-css-av-m90fytgy-19d96551d57d58dad212b24ca68554f2\">\n.avia-image-container.av-m90fytgy-19d96551d57d58dad212b24ca68554f2 img.avia_image{\nbox-shadow:none;\n}\n.avia-image-container.av-m90fytgy-19d96551d57d58dad212b24ca68554f2 .av-image-caption-overlay-center{\ncolor:#ffffff;\n}\n<\/style>\n<div  class='avia-image-container av-m90fytgy-19d96551d57d58dad212b24ca68554f2 av-styling- avia-align-center  avia-builder-el-3  el_before_av_textblock  avia-builder-el-first '   itemprop=\"image\" itemscope=\"itemscope\" itemtype=\"https:\/\/schema.org\/ImageObject\" ><div class=\"avia-image-container-inner\"><div class=\"avia-image-overlay-wrap\"><img decoding=\"async\" fetchpriority=\"high\" class='wp-image-2920 avia-img-lazy-loading-not-2920 avia_image ' src=\"https:\/\/fondazione-riccardo-marina-mantovani.org\/wp-content\/uploads\/2025\/04\/acquamarina01-1.jpg\" alt='' title=''  height=\"800\" width=\"800\"  itemprop=\"thumbnailUrl\" srcset=\"https:\/\/fondazione-riccardo-marina-mantovani.org\/wp-content\/uploads\/2025\/04\/acquamarina01-1.jpg 800w, https:\/\/fondazione-riccardo-marina-mantovani.org\/wp-content\/uploads\/2025\/04\/acquamarina01-1-300x300.jpg 300w, https:\/\/fondazione-riccardo-marina-mantovani.org\/wp-content\/uploads\/2025\/04\/acquamarina01-1-80x80.jpg 80w, https:\/\/fondazione-riccardo-marina-mantovani.org\/wp-content\/uploads\/2025\/04\/acquamarina01-1-768x768.jpg 768w, https:\/\/fondazione-riccardo-marina-mantovani.org\/wp-content\/uploads\/2025\/04\/acquamarina01-1-36x36.jpg 36w, https:\/\/fondazione-riccardo-marina-mantovani.org\/wp-content\/uploads\/2025\/04\/acquamarina01-1-180x180.jpg 180w, https:\/\/fondazione-riccardo-marina-mantovani.org\/wp-content\/uploads\/2025\/04\/acquamarina01-1-705x705.jpg 705w\" sizes=\"(max-width: 800px) 100vw, 800px\" \/><\/div><\/div><\/div><br \/>\n\n<style type=\"text\/css\" data-created_by=\"avia_inline_auto\" id=\"style-css-av-10w1qlp-a7934d59977e45551a6b451022e9b09d\">\n#top .av_textblock_section.av-10w1qlp-a7934d59977e45551a6b451022e9b09d .avia_textblock{\nfont-size:21px;\ncolor:#ff6000;\ntext-align:center;\n}\n<\/style>\n<section  class='av_textblock_section av-10w1qlp-a7934d59977e45551a6b451022e9b09d '   itemscope=\"itemscope\" itemtype=\"https:\/\/schema.org\/CreativeWork\" ><div class='avia_textblock av_inherit_color'  itemprop=\"text\" ><p style=\"text-align: center;\"><em style=\"font-size: 36px;\">\u00a1Este a\u00f1o mi amada madre cumplir\u00e1 80 a\u00f1os en el Cielo!<\/em><\/p>\n<p style=\"text-align: center;\">La Fundaci\u00f3n Riccardo e Marina Mantovani est\u00e1 organizando muchos eventos y encuentros para recordarla con afecto y gratitud.<\/p>\n<p style=\"text-align: center;\">De hecho, durante el a\u00f1o 2025 tendremos una exposici\u00f3n con toda su porcelana pintada y organizaremos varias jornadas de puertas abiertas para reunir, como siempre ha hecho, a mucha gente que necesita ayuda, aunque solo sea por un simple consejo o una sonrisa. Tambi\u00e9n se ha preparado una presentaci\u00f3n de diapositivas con sus fotos y sus palabras de sabidur\u00eda:<\/p>\n<\/div><\/section><\/p><\/div>\n\n<style type=\"text\/css\" data-created_by=\"avia_inline_auto\" id=\"style-css-av-28ttzx-e64548358b5e121756f1e6781109ec00\">\n.avia_transform .flex_column.av-28ttzx-e64548358b5e121756f1e6781109ec00{\nanimation-duration:2s;\n}\n<\/style>\n<div  class='flex_column av-28ttzx-e64548358b5e121756f1e6781109ec00 av_one_full  avia-builder-el-5  el_after_av_one_full  el_before_av_section  avia-builder-el-last  first flex_column_div av-animated-generic fade-in  column-top-margin'     ><style type=\"text\/css\" data-created_by=\"avia_inline_auto\" id=\"style-css-av-m91vo2ul-47ec19026549c30688d7c43879189373\">\n.avia-video.av-m91vo2ul-47ec19026549c30688d7c43879189373{\nbackground-image:url(https:\/\/fondazione-riccardo-marina-mantovani.org\/wp-content\/uploads\/2025\/04\/FOTO-MM-1.png);\npadding-bottom:67%;\n}\n<\/style>\n<div  class='avia-video av-m91vo2ul-47ec19026549c30688d7c43879189373 avia-video-custom av-preview-image avia-video-load-always avia-video-html5'  itemprop=\"video\" itemtype=\"https:\/\/schema.org\/VideoObject\"  data-original_url='https:\/\/fondazione-riccardo-marina-mantovani.org\/wp-content\/uploads\/2025\/06\/Slideshow-Marina80_ES.mp4'><video class='avia_video' poster=\"https:\/\/fondazione-riccardo-marina-mantovani.org\/wp-content\/uploads\/2025\/04\/FOTO-MM-1.png\"   preload=\"auto\"  controls id='player_4833_1769671269_721731296'><source src='https:\/\/fondazione-riccardo-marina-mantovani.org\/wp-content\/uploads\/2025\/06\/Slideshow-Marina80_ES.mp4' type='video\/mp4' \/><\/video><\/div><\/div>\n<\/div><\/div><\/div><!-- close content main div --><\/div><\/div><div id='fullwidth'  class='avia-section av-2yh6ql-5abc64220f0fe01075bf672193185f02 main_color avia-section-default avia-no-border-styling  avia-builder-el-7  el_after_av_one_full  el_before_av_hr  avia-bg-style-scroll container_wrap fullsize'  ><div class='container av-section-cont-open' ><div class='template-page content  av-content-full alpha units'><div class='post-entry post-entry-type-page post-entry-4833'><div class='entry-content-wrapper clearfix'>\n<div class='flex_column_table av-4gbez1-71b42f2aecc33db05f54abeecb1ab3e9 sc-av_one_half av-mobile-columns-flex av-columns-reverse av-equal-height-column-flextable'>\n<style type=\"text\/css\" data-created_by=\"avia_inline_auto\" id=\"style-css-av-4gbez1-71b42f2aecc33db05f54abeecb1ab3e9\">\n.avia_transform .flex_column.av-4gbez1-71b42f2aecc33db05f54abeecb1ab3e9{\nanimation-duration:2s;\n}\n<\/style>\n<div  class='flex_column av-4gbez1-71b42f2aecc33db05f54abeecb1ab3e9 av_one_half  avia-builder-el-8  el_before_av_one_half  avia-builder-el-first  first flex_column_table_cell av-equal-height-column av-align-middle av-animated-generic bottom-to-top  '     ><style type=\"text\/css\" data-created_by=\"avia_inline_auto\" id=\"style-css-av-m90gtbkt-c3ee06740fd65799345480eb63bf4f0a\">\n#top .av_textblock_section.av-m90gtbkt-c3ee06740fd65799345480eb63bf4f0a .avia_textblock{\nfont-size:21px;\ncolor:#0d4312;\ntext-align:center;\n}\n<\/style>\n<section  class='av_textblock_section av-m90gtbkt-c3ee06740fd65799345480eb63bf4f0a '   itemscope=\"itemscope\" itemtype=\"https:\/\/schema.org\/CreativeWork\" ><div class='avia_textblock av_inherit_color'  itemprop=\"text\" ><p style=\"text-align: center;\">Con el proyecto <strong>AcquaMarina<\/strong>, la <strong>Riccardo e Marina Mantovani Foundation<\/strong> ayudar\u00e1 a la <strong>Misi\u00f3n Salesiana Amici di Adwa con su hermana Laura<\/strong> a construir un pueblo en \u00c1frica, precisamente en <strong>Etiop\u00eda<\/strong>, comenzando por la construcci\u00f3n de un pozo para tener agua potable, a continuaci\u00f3n, casas, una escuela para enfermeras, campos de cultivo, etc.<\/p>\n<p style=\"text-align: center;\">Se llamar\u00e1 <strong>*AcquaMarina*<\/strong> porque es el nombre de una piedra preciosa y nuestra Fundaci\u00f3n trae la Vida, que es el bien m\u00e1s precioso que existe.<\/p>\n<p style=\"text-align: center;\"><strong>*Acqua*<\/strong> (Agua) es lo primero que podremos dar, gracias a la construcci\u00f3n del pozo.<\/p>\n<p style=\"text-align: center;\"><strong>*Marina*<\/strong>, como sabes, es el nombre de mi madre.<\/p>\n<p style=\"text-align: center;\">Involucraremos en el proyecto a muchas personas: particulares y asociaciones, grandes y peque\u00f1as, laicas y religiosas. Todo el proyecto ser\u00e1 ilustrado en una publicaci\u00f3n de Edizioni Mantovani y el progreso del trabajo siempre estar\u00e1 visible en nuestro sitio web!<\/p>\n<\/div><\/section><\/div><div class='av-flex-placeholder'><\/div>\n<style type=\"text\/css\" data-created_by=\"avia_inline_auto\" id=\"style-css-av-1to4xp-e3bb935b69655ccef5e3833f21699901\">\n.avia_transform .flex_column.av-1to4xp-e3bb935b69655ccef5e3833f21699901{\nanimation-duration:2s;\n}\n<\/style>\n<div  id=\"fullwidth\"  class='flex_column av-1to4xp-e3bb935b69655ccef5e3833f21699901 av_one_half  avia-builder-el-10  el_after_av_one_half  avia-builder-el-last  flex_column_table_cell av-equal-height-column av-align-middle av-animated-generic pop-up  '     ><style type=\"text\/css\" data-created_by=\"avia_inline_auto\" id=\"style-css-av-m90gvamt-37fb5b7a07f01014bd6329c249d27f67\">\n.avia-image-container.av-m90gvamt-37fb5b7a07f01014bd6329c249d27f67 img.avia_image{\nbox-shadow:none;\n}\n.avia-image-container.av-m90gvamt-37fb5b7a07f01014bd6329c249d27f67 .av-image-caption-overlay-center{\ncolor:#ffffff;\n}\n<\/style>\n<div  class='avia-image-container av-m90gvamt-37fb5b7a07f01014bd6329c249d27f67 av-styling- avia-align-center  avia-builder-el-11  avia-builder-el-no-sibling '   itemprop=\"image\" itemscope=\"itemscope\" itemtype=\"https:\/\/schema.org\/ImageObject\" ><div class=\"avia-image-container-inner\"><div class=\"avia-image-overlay-wrap\"><img decoding=\"async\" fetchpriority=\"high\" class='wp-image-2904 avia-img-lazy-loading-not-2904 avia_image ' src=\"https:\/\/fondazione-riccardo-marina-mantovani.org\/wp-content\/uploads\/2025\/04\/cuoredimarina01.jpg\" alt='' title=''  height=\"1340\" width=\"1200\"  itemprop=\"thumbnailUrl\" srcset=\"https:\/\/fondazione-riccardo-marina-mantovani.org\/wp-content\/uploads\/2025\/04\/cuoredimarina01.jpg 1200w, https:\/\/fondazione-riccardo-marina-mantovani.org\/wp-content\/uploads\/2025\/04\/cuoredimarina01-269x300.jpg 269w, https:\/\/fondazione-riccardo-marina-mantovani.org\/wp-content\/uploads\/2025\/04\/cuoredimarina01-922x1030.jpg 922w, https:\/\/fondazione-riccardo-marina-mantovani.org\/wp-content\/uploads\/2025\/04\/cuoredimarina01-768x858.jpg 768w, https:\/\/fondazione-riccardo-marina-mantovani.org\/wp-content\/uploads\/2025\/04\/cuoredimarina01-631x705.jpg 631w\" sizes=\"(max-width: 1200px) 100vw, 1200px\" \/><\/div><\/div><\/div><\/div><\/div><!--close column table wrapper. Autoclose: 1 -->\n<\/div><\/div><\/div><!-- close content main div --><\/div><\/div><div id='after_section_3'  class='main_color av_default_container_wrap container_wrap fullsize'  ><div class='container av-section-cont-open' ><div class='template-page content  av-content-full alpha units'><div class='post-entry post-entry-type-page post-entry-4833'><div class='entry-content-wrapper clearfix'>\n\n<style type=\"text\/css\" data-created_by=\"avia_inline_auto\" id=\"style-css-av-m90hubyy-65c7b490ee2a6b25c5ea8cb44bb052e2\">\n#top .hr.hr-invisible.av-m90hubyy-65c7b490ee2a6b25c5ea8cb44bb052e2{\nheight:10px;\n}\n<\/style>\n<div  class='hr av-m90hubyy-65c7b490ee2a6b25c5ea8cb44bb052e2 hr-invisible  avia-builder-el-12  el_after_av_section  el_before_av_horizontal_gallery  avia-builder-el-no-sibling '><span class='hr-inner '><span class=\"hr-inner-style\"><\/span><\/span><\/div>\n\n<style type=\"text\/css\" data-created_by=\"avia_inline_auto\" id=\"style-css-av-m90h7nyw-e67f2c3d2f3438d9c902c93689a219b4\">\n.av-horizontal-gallery.av-m90h7nyw-e67f2c3d2f3438d9c902c93689a219b4{\npadding:5.25% 0px;;\n}\n.av-horizontal-gallery.av-m90h7nyw-e67f2c3d2f3438d9c902c93689a219b4 .av-horizontal-gallery-inner{\npadding-bottom:35%;\n}\n<\/style>\n<div  id=\"fullwidth\"  class='av-horizontal-gallery av-m90h7nyw-e67f2c3d2f3438d9c902c93689a219b4 av-horizontal-gallery-large-gap av-horizontal-gallery-enlarge-effect  avia-builder-el-13  el_after_av_hr  el_before_av_section  av-slideshow-ui av-control-minimal av-nav-arrows-visible av-no-slider-navigation av-slideshow-manual av-loop-once av-loop-manual-endless av-horizontal-gallery-1' data-slideshow-data=\"{&quot;enlarge&quot;:1.3000000000000000444089209850062616169452667236328125,&quot;animation&quot;:&quot;slide&quot;,&quot;autoplay&quot;:false,&quot;loop_autoplay&quot;:&quot;once&quot;,&quot;interval&quot;:5,&quot;loop_manual&quot;:&quot;manual-endless&quot;,&quot;autoplay_stopper&quot;:false,&quot;noNavigation&quot;:false,&quot;bg_slider&quot;:false,&quot;keep_padding&quot;:&quot;&quot;,&quot;hoverpause&quot;:false,&quot;show_slide_delay&quot;:0}\"  itemprop=\"image\" itemscope=\"itemscope\" itemtype=\"https:\/\/schema.org\/ImageObject\" ><div class='avia-slideshow-arrows avia-slideshow-controls' ><a href='#prev' class='prev-slide av-horizontal-gallery-prev avia-svg-icon avia-font-svg_entypo-fontello' data-av_svg_icon='left-open-big' data-av_iconset='svg_entypo-fontello' tabindex='-1' title=\"Anterior\"><svg version=\"1.1\" xmlns=\"http:\/\/www.w3.org\/2000\/svg\" width=\"15\" height=\"32\" viewBox=\"0 0 15 32\" preserveAspectRatio=\"xMidYMid meet\" aria-labelledby='av-svg-title-1' aria-describedby='av-svg-desc-1' role=\"graphics-symbol\" aria-hidden=\"true\">\n<title id='av-svg-title-1'>Anterior<\/title>\n<desc id='av-svg-desc-1'>Anterior<\/desc>\n<path d=\"M14.464 27.84q0.832 0.832 0 1.536-0.832 0.832-1.536 0l-12.544-12.608q-0.768-0.768 0-1.6l12.544-12.608q0.704-0.832 1.536 0 0.832 0.704 0 1.536l-11.456 11.904z\"><\/path>\n<\/svg><span class='avia_hidden_link_text'>Anterior<\/span><\/a><a href='#next' class='next-slide av-horizontal-gallery-next avia-svg-icon avia-font-svg_entypo-fontello' data-av_svg_icon='right-open-big' data-av_iconset='svg_entypo-fontello' tabindex='-1' title=\"Posterior\"><svg version=\"1.1\" xmlns=\"http:\/\/www.w3.org\/2000\/svg\" width=\"15\" height=\"32\" viewBox=\"0 0 15 32\" preserveAspectRatio=\"xMidYMid meet\" aria-labelledby='av-svg-title-2' aria-describedby='av-svg-desc-2' role=\"graphics-symbol\" aria-hidden=\"true\">\n<title id='av-svg-title-2'>Posterior<\/title>\n<desc id='av-svg-desc-2'>Posterior<\/desc>\n<path d=\"M0.416 27.84l11.456-11.84-11.456-11.904q-0.832-0.832 0-1.536 0.832-0.832 1.536 0l12.544 12.608q0.768 0.832 0 1.6l-12.544 12.608q-0.704 0.832-1.536 0-0.832-0.704 0-1.536z\"><\/path>\n<\/svg><span class='avia_hidden_link_text'>Posterior<\/span><\/a><\/div><div class='av-horizontal-gallery-inner' data-av-height='35'><div class=\"av-horizontal-gallery-slider\"><div class=\"av-horizontal-gallery-wrap noHover\"><img decoding=\"async\" fetchpriority=\"high\" class='wp-image-2988 avia-img-lazy-loading-not-2988 av-horizontal-gallery-img' width=\"1122\" height=\"1681\" src=\"https:\/\/fondazione-riccardo-marina-mantovani.org\/wp-content\/uploads\/2025\/04\/IMG_2749.jpg\" title='' alt='' srcset=\"https:\/\/fondazione-riccardo-marina-mantovani.org\/wp-content\/uploads\/2025\/04\/IMG_2749.jpg 1122w, https:\/\/fondazione-riccardo-marina-mantovani.org\/wp-content\/uploads\/2025\/04\/IMG_2749-200x300.jpg 200w, https:\/\/fondazione-riccardo-marina-mantovani.org\/wp-content\/uploads\/2025\/04\/IMG_2749-687x1030.jpg 687w, https:\/\/fondazione-riccardo-marina-mantovani.org\/wp-content\/uploads\/2025\/04\/IMG_2749-768x1151.jpg 768w, https:\/\/fondazione-riccardo-marina-mantovani.org\/wp-content\/uploads\/2025\/04\/IMG_2749-1025x1536.jpg 1025w, https:\/\/fondazione-riccardo-marina-mantovani.org\/wp-content\/uploads\/2025\/04\/IMG_2749-1001x1500.jpg 1001w, https:\/\/fondazione-riccardo-marina-mantovani.org\/wp-content\/uploads\/2025\/04\/IMG_2749-471x705.jpg 471w\" sizes=\"(max-width: 1122px) 100vw, 1122px\" \/><a href=\"https:\/\/fondazione-riccardo-marina-mantovani.org\/wp-content\/uploads\/2025\/04\/IMG_2749-687x1030.jpg\" data-srcset=\"https:\/\/fondazione-riccardo-marina-mantovani.org\/wp-content\/uploads\/2025\/04\/IMG_2749-687x1030.jpg 687w, https:\/\/fondazione-riccardo-marina-mantovani.org\/wp-content\/uploads\/2025\/04\/IMG_2749-200x300.jpg 200w, https:\/\/fondazione-riccardo-marina-mantovani.org\/wp-content\/uploads\/2025\/04\/IMG_2749-768x1151.jpg 768w, https:\/\/fondazione-riccardo-marina-mantovani.org\/wp-content\/uploads\/2025\/04\/IMG_2749-1025x1536.jpg 1025w, https:\/\/fondazione-riccardo-marina-mantovani.org\/wp-content\/uploads\/2025\/04\/IMG_2749-1001x1500.jpg 1001w, https:\/\/fondazione-riccardo-marina-mantovani.org\/wp-content\/uploads\/2025\/04\/IMG_2749-471x705.jpg 471w, https:\/\/fondazione-riccardo-marina-mantovani.org\/wp-content\/uploads\/2025\/04\/IMG_2749.jpg 1122w\" data-sizes=\"(max-width: 687px) 100vw, 687px\" class='av-horizontal-gallery-link avia-svg-icon avia-font-svg_entypo-fontello' data-av_svg_icon='resize-full' data-av_iconset='svg_entypo-fontello' title='' alt='' aria-label='Open image in lightbox: '><svg version=\"1.1\" xmlns=\"http:\/\/www.w3.org\/2000\/svg\" width=\"25\" height=\"32\" viewBox=\"0 0 25 32\" preserveAspectRatio=\"xMidYMid meet\" aria-labelledby='av-svg-title-3' aria-describedby='av-svg-desc-3' role=\"graphics-symbol\" aria-hidden=\"true\">\n<title id='av-svg-title-3'>Open image in lightbox: <\/title>\n<desc id='av-svg-desc-3'>Open image in lightbox: <\/desc>\n<path d=\"M15.232 3.328h10.112v10.112l-3.2-3.968-4.672 4.864-3.2-3.2 4.864-4.672zM7.872 17.536l3.2 3.2-4.864 4.672 3.904 3.2h-10.112v-10.112l3.2 3.904z\"><\/path>\n<\/svg><\/a><\/div><div class=\"av-horizontal-gallery-wrap noHover\"><img decoding=\"async\" fetchpriority=\"high\" class='wp-image-3340 avia-img-lazy-loading-not-3340 av-horizontal-gallery-img' width=\"1200\" height=\"1500\" src=\"https:\/\/fondazione-riccardo-marina-mantovani.org\/wp-content\/uploads\/2025\/04\/Senza-titolo-1.jpg\" title='' alt='' srcset=\"https:\/\/fondazione-riccardo-marina-mantovani.org\/wp-content\/uploads\/2025\/04\/Senza-titolo-1.jpg 1200w, https:\/\/fondazione-riccardo-marina-mantovani.org\/wp-content\/uploads\/2025\/04\/Senza-titolo-1-240x300.jpg 240w, https:\/\/fondazione-riccardo-marina-mantovani.org\/wp-content\/uploads\/2025\/04\/Senza-titolo-1-824x1030.jpg 824w, https:\/\/fondazione-riccardo-marina-mantovani.org\/wp-content\/uploads\/2025\/04\/Senza-titolo-1-768x960.jpg 768w, https:\/\/fondazione-riccardo-marina-mantovani.org\/wp-content\/uploads\/2025\/04\/Senza-titolo-1-564x705.jpg 564w\" sizes=\"(max-width: 1200px) 100vw, 1200px\" \/><a href=\"https:\/\/fondazione-riccardo-marina-mantovani.org\/wp-content\/uploads\/2025\/04\/Senza-titolo-1-824x1030.jpg\" data-srcset=\"https:\/\/fondazione-riccardo-marina-mantovani.org\/wp-content\/uploads\/2025\/04\/Senza-titolo-1-824x1030.jpg 824w, https:\/\/fondazione-riccardo-marina-mantovani.org\/wp-content\/uploads\/2025\/04\/Senza-titolo-1-240x300.jpg 240w, https:\/\/fondazione-riccardo-marina-mantovani.org\/wp-content\/uploads\/2025\/04\/Senza-titolo-1-768x960.jpg 768w, https:\/\/fondazione-riccardo-marina-mantovani.org\/wp-content\/uploads\/2025\/04\/Senza-titolo-1-564x705.jpg 564w, https:\/\/fondazione-riccardo-marina-mantovani.org\/wp-content\/uploads\/2025\/04\/Senza-titolo-1.jpg 1200w\" data-sizes=\"(max-width: 824px) 100vw, 824px\" class='av-horizontal-gallery-link avia-svg-icon avia-font-svg_entypo-fontello' data-av_svg_icon='resize-full' data-av_iconset='svg_entypo-fontello' title='' alt='' aria-label='Open image in lightbox: '><svg version=\"1.1\" xmlns=\"http:\/\/www.w3.org\/2000\/svg\" width=\"25\" height=\"32\" viewBox=\"0 0 25 32\" preserveAspectRatio=\"xMidYMid meet\" aria-labelledby='av-svg-title-4' aria-describedby='av-svg-desc-4' role=\"graphics-symbol\" aria-hidden=\"true\">\n<title id='av-svg-title-4'>Open image in lightbox: <\/title>\n<desc id='av-svg-desc-4'>Open image in lightbox: <\/desc>\n<path d=\"M15.232 3.328h10.112v10.112l-3.2-3.968-4.672 4.864-3.2-3.2 4.864-4.672zM7.872 17.536l3.2 3.2-4.864 4.672 3.904 3.2h-10.112v-10.112l3.2 3.904z\"><\/path>\n<\/svg><\/a><\/div><div class=\"av-horizontal-gallery-wrap noHover\"><img decoding=\"async\" fetchpriority=\"high\" class='wp-image-2996 avia-img-lazy-loading-not-2996 av-horizontal-gallery-img' width=\"1284\" height=\"707\" src=\"https:\/\/fondazione-riccardo-marina-mantovani.org\/wp-content\/uploads\/2025\/04\/IMG_2751.jpg\" title='' alt='' srcset=\"https:\/\/fondazione-riccardo-marina-mantovani.org\/wp-content\/uploads\/2025\/04\/IMG_2751.jpg 1284w, https:\/\/fondazione-riccardo-marina-mantovani.org\/wp-content\/uploads\/2025\/04\/IMG_2751-300x165.jpg 300w, https:\/\/fondazione-riccardo-marina-mantovani.org\/wp-content\/uploads\/2025\/04\/IMG_2751-1030x567.jpg 1030w, https:\/\/fondazione-riccardo-marina-mantovani.org\/wp-content\/uploads\/2025\/04\/IMG_2751-768x423.jpg 768w, https:\/\/fondazione-riccardo-marina-mantovani.org\/wp-content\/uploads\/2025\/04\/IMG_2751-705x388.jpg 705w\" sizes=\"(max-width: 1284px) 100vw, 1284px\" \/><a href=\"https:\/\/fondazione-riccardo-marina-mantovani.org\/wp-content\/uploads\/2025\/04\/IMG_2751-1030x567.jpg\" data-srcset=\"https:\/\/fondazione-riccardo-marina-mantovani.org\/wp-content\/uploads\/2025\/04\/IMG_2751-1030x567.jpg 1030w, https:\/\/fondazione-riccardo-marina-mantovani.org\/wp-content\/uploads\/2025\/04\/IMG_2751-300x165.jpg 300w, https:\/\/fondazione-riccardo-marina-mantovani.org\/wp-content\/uploads\/2025\/04\/IMG_2751-768x423.jpg 768w, https:\/\/fondazione-riccardo-marina-mantovani.org\/wp-content\/uploads\/2025\/04\/IMG_2751-705x388.jpg 705w, https:\/\/fondazione-riccardo-marina-mantovani.org\/wp-content\/uploads\/2025\/04\/IMG_2751.jpg 1284w\" data-sizes=\"(max-width: 1030px) 100vw, 1030px\" class='av-horizontal-gallery-link avia-svg-icon avia-font-svg_entypo-fontello' data-av_svg_icon='resize-full' data-av_iconset='svg_entypo-fontello' title='' alt='' aria-label='Open image in lightbox: '><svg version=\"1.1\" xmlns=\"http:\/\/www.w3.org\/2000\/svg\" width=\"25\" height=\"32\" viewBox=\"0 0 25 32\" preserveAspectRatio=\"xMidYMid meet\" aria-labelledby='av-svg-title-5' aria-describedby='av-svg-desc-5' role=\"graphics-symbol\" aria-hidden=\"true\">\n<title id='av-svg-title-5'>Open image in lightbox: <\/title>\n<desc id='av-svg-desc-5'>Open image in lightbox: <\/desc>\n<path d=\"M15.232 3.328h10.112v10.112l-3.2-3.968-4.672 4.864-3.2-3.2 4.864-4.672zM7.872 17.536l3.2 3.2-4.864 4.672 3.904 3.2h-10.112v-10.112l3.2 3.904z\"><\/path>\n<\/svg><\/a><\/div><div class=\"av-horizontal-gallery-wrap noHover\"><img decoding=\"async\" fetchpriority=\"high\" class='wp-image-2992 avia-img-lazy-loading-not-2992 av-horizontal-gallery-img' width=\"1651\" height=\"1076\" src=\"https:\/\/fondazione-riccardo-marina-mantovani.org\/wp-content\/uploads\/2025\/04\/IMG_2750-1.jpg\" title='' alt='' srcset=\"https:\/\/fondazione-riccardo-marina-mantovani.org\/wp-content\/uploads\/2025\/04\/IMG_2750-1.jpg 1651w, https:\/\/fondazione-riccardo-marina-mantovani.org\/wp-content\/uploads\/2025\/04\/IMG_2750-1-300x196.jpg 300w, https:\/\/fondazione-riccardo-marina-mantovani.org\/wp-content\/uploads\/2025\/04\/IMG_2750-1-1030x671.jpg 1030w, https:\/\/fondazione-riccardo-marina-mantovani.org\/wp-content\/uploads\/2025\/04\/IMG_2750-1-768x501.jpg 768w, https:\/\/fondazione-riccardo-marina-mantovani.org\/wp-content\/uploads\/2025\/04\/IMG_2750-1-1536x1001.jpg 1536w, https:\/\/fondazione-riccardo-marina-mantovani.org\/wp-content\/uploads\/2025\/04\/IMG_2750-1-1500x978.jpg 1500w, https:\/\/fondazione-riccardo-marina-mantovani.org\/wp-content\/uploads\/2025\/04\/IMG_2750-1-705x459.jpg 705w\" sizes=\"(max-width: 1651px) 100vw, 1651px\" \/><a href=\"https:\/\/fondazione-riccardo-marina-mantovani.org\/wp-content\/uploads\/2025\/04\/IMG_2750-1-1030x671.jpg\" data-srcset=\"https:\/\/fondazione-riccardo-marina-mantovani.org\/wp-content\/uploads\/2025\/04\/IMG_2750-1-1030x671.jpg 1030w, https:\/\/fondazione-riccardo-marina-mantovani.org\/wp-content\/uploads\/2025\/04\/IMG_2750-1-300x196.jpg 300w, https:\/\/fondazione-riccardo-marina-mantovani.org\/wp-content\/uploads\/2025\/04\/IMG_2750-1-768x501.jpg 768w, https:\/\/fondazione-riccardo-marina-mantovani.org\/wp-content\/uploads\/2025\/04\/IMG_2750-1-1536x1001.jpg 1536w, https:\/\/fondazione-riccardo-marina-mantovani.org\/wp-content\/uploads\/2025\/04\/IMG_2750-1-1500x978.jpg 1500w, https:\/\/fondazione-riccardo-marina-mantovani.org\/wp-content\/uploads\/2025\/04\/IMG_2750-1-705x459.jpg 705w, https:\/\/fondazione-riccardo-marina-mantovani.org\/wp-content\/uploads\/2025\/04\/IMG_2750-1.jpg 1651w\" data-sizes=\"(max-width: 1030px) 100vw, 1030px\" class='av-horizontal-gallery-link avia-svg-icon avia-font-svg_entypo-fontello' data-av_svg_icon='resize-full' data-av_iconset='svg_entypo-fontello' title='' alt='' aria-label='Open image in lightbox: '><svg version=\"1.1\" xmlns=\"http:\/\/www.w3.org\/2000\/svg\" width=\"25\" height=\"32\" viewBox=\"0 0 25 32\" preserveAspectRatio=\"xMidYMid meet\" aria-labelledby='av-svg-title-6' aria-describedby='av-svg-desc-6' role=\"graphics-symbol\" aria-hidden=\"true\">\n<title id='av-svg-title-6'>Open image in lightbox: <\/title>\n<desc id='av-svg-desc-6'>Open image in lightbox: <\/desc>\n<path d=\"M15.232 3.328h10.112v10.112l-3.2-3.968-4.672 4.864-3.2-3.2 4.864-4.672zM7.872 17.536l3.2 3.2-4.864 4.672 3.904 3.2h-10.112v-10.112l3.2 3.904z\"><\/path>\n<\/svg><\/a><\/div><div class=\"av-horizontal-gallery-wrap noHover\"><img decoding=\"async\" fetchpriority=\"high\" class='wp-image-3012 avia-img-lazy-loading-not-3012 av-horizontal-gallery-img' width=\"1181\" height=\"663\" src=\"https:\/\/fondazione-riccardo-marina-mantovani.org\/wp-content\/uploads\/2025\/04\/ospedale00001.jpg\" title='' alt='' srcset=\"https:\/\/fondazione-riccardo-marina-mantovani.org\/wp-content\/uploads\/2025\/04\/ospedale00001.jpg 1181w, https:\/\/fondazione-riccardo-marina-mantovani.org\/wp-content\/uploads\/2025\/04\/ospedale00001-300x168.jpg 300w, https:\/\/fondazione-riccardo-marina-mantovani.org\/wp-content\/uploads\/2025\/04\/ospedale00001-1030x578.jpg 1030w, https:\/\/fondazione-riccardo-marina-mantovani.org\/wp-content\/uploads\/2025\/04\/ospedale00001-768x431.jpg 768w, https:\/\/fondazione-riccardo-marina-mantovani.org\/wp-content\/uploads\/2025\/04\/ospedale00001-705x396.jpg 705w\" sizes=\"(max-width: 1181px) 100vw, 1181px\" \/><a href=\"https:\/\/fondazione-riccardo-marina-mantovani.org\/wp-content\/uploads\/2025\/04\/ospedale00001-1030x578.jpg\" data-srcset=\"https:\/\/fondazione-riccardo-marina-mantovani.org\/wp-content\/uploads\/2025\/04\/ospedale00001-1030x578.jpg 1030w, https:\/\/fondazione-riccardo-marina-mantovani.org\/wp-content\/uploads\/2025\/04\/ospedale00001-300x168.jpg 300w, https:\/\/fondazione-riccardo-marina-mantovani.org\/wp-content\/uploads\/2025\/04\/ospedale00001-768x431.jpg 768w, https:\/\/fondazione-riccardo-marina-mantovani.org\/wp-content\/uploads\/2025\/04\/ospedale00001-705x396.jpg 705w, https:\/\/fondazione-riccardo-marina-mantovani.org\/wp-content\/uploads\/2025\/04\/ospedale00001.jpg 1181w\" data-sizes=\"(max-width: 1030px) 100vw, 1030px\" class='av-horizontal-gallery-link avia-svg-icon avia-font-svg_entypo-fontello' data-av_svg_icon='resize-full' data-av_iconset='svg_entypo-fontello' title='' alt='' aria-label='Open image in lightbox: '><svg version=\"1.1\" xmlns=\"http:\/\/www.w3.org\/2000\/svg\" width=\"25\" height=\"32\" viewBox=\"0 0 25 32\" preserveAspectRatio=\"xMidYMid meet\" aria-labelledby='av-svg-title-7' aria-describedby='av-svg-desc-7' role=\"graphics-symbol\" aria-hidden=\"true\">\n<title id='av-svg-title-7'>Open image in lightbox: <\/title>\n<desc id='av-svg-desc-7'>Open image in lightbox: <\/desc>\n<path d=\"M15.232 3.328h10.112v10.112l-3.2-3.968-4.672 4.864-3.2-3.2 4.864-4.672zM7.872 17.536l3.2 3.2-4.864 4.672 3.904 3.2h-10.112v-10.112l3.2 3.904z\"><\/path>\n<\/svg><\/a><\/div><div class=\"av-horizontal-gallery-wrap noHover\"><img decoding=\"async\" fetchpriority=\"high\" class='wp-image-2940 avia-img-lazy-loading-not-2940 av-horizontal-gallery-img' width=\"1024\" height=\"768\" src=\"https:\/\/fondazione-riccardo-marina-mantovani.org\/wp-content\/uploads\/2025\/04\/022_scuola-oggi.jpg\" title='' alt='' srcset=\"https:\/\/fondazione-riccardo-marina-mantovani.org\/wp-content\/uploads\/2025\/04\/022_scuola-oggi.jpg 1024w, https:\/\/fondazione-riccardo-marina-mantovani.org\/wp-content\/uploads\/2025\/04\/022_scuola-oggi-300x225.jpg 300w, https:\/\/fondazione-riccardo-marina-mantovani.org\/wp-content\/uploads\/2025\/04\/022_scuola-oggi-768x576.jpg 768w, https:\/\/fondazione-riccardo-marina-mantovani.org\/wp-content\/uploads\/2025\/04\/022_scuola-oggi-705x529.jpg 705w\" sizes=\"(max-width: 1024px) 100vw, 1024px\" \/><a href=\"https:\/\/fondazione-riccardo-marina-mantovani.org\/wp-content\/uploads\/2025\/04\/022_scuola-oggi.jpg\" data-srcset=\"https:\/\/fondazione-riccardo-marina-mantovani.org\/wp-content\/uploads\/2025\/04\/022_scuola-oggi.jpg 1024w, https:\/\/fondazione-riccardo-marina-mantovani.org\/wp-content\/uploads\/2025\/04\/022_scuola-oggi-300x225.jpg 300w, https:\/\/fondazione-riccardo-marina-mantovani.org\/wp-content\/uploads\/2025\/04\/022_scuola-oggi-768x576.jpg 768w, https:\/\/fondazione-riccardo-marina-mantovani.org\/wp-content\/uploads\/2025\/04\/022_scuola-oggi-705x529.jpg 705w\" data-sizes=\"(max-width: 1024px) 100vw, 1024px\" class='av-horizontal-gallery-link avia-svg-icon avia-font-svg_entypo-fontello' data-av_svg_icon='resize-full' data-av_iconset='svg_entypo-fontello' title='' alt='' aria-label='Open image in lightbox: '><svg version=\"1.1\" xmlns=\"http:\/\/www.w3.org\/2000\/svg\" width=\"25\" height=\"32\" viewBox=\"0 0 25 32\" preserveAspectRatio=\"xMidYMid meet\" aria-labelledby='av-svg-title-8' aria-describedby='av-svg-desc-8' role=\"graphics-symbol\" aria-hidden=\"true\">\n<title id='av-svg-title-8'>Open image in lightbox: <\/title>\n<desc id='av-svg-desc-8'>Open image in lightbox: <\/desc>\n<path d=\"M15.232 3.328h10.112v10.112l-3.2-3.968-4.672 4.864-3.2-3.2 4.864-4.672zM7.872 17.536l3.2 3.2-4.864 4.672 3.904 3.2h-10.112v-10.112l3.2 3.904z\"><\/path>\n<\/svg><\/a><\/div><div class=\"av-horizontal-gallery-wrap noHover\"><img decoding=\"async\" fetchpriority=\"high\" class='wp-image-3020 avia-img-lazy-loading-not-3020 av-horizontal-gallery-img' width=\"1600\" height=\"1200\" src=\"https:\/\/fondazione-riccardo-marina-mantovani.org\/wp-content\/uploads\/2025\/04\/PRESENTAZIONE-OSPEDALE50.jpg\" title='' alt='' srcset=\"https:\/\/fondazione-riccardo-marina-mantovani.org\/wp-content\/uploads\/2025\/04\/PRESENTAZIONE-OSPEDALE50.jpg 1600w, https:\/\/fondazione-riccardo-marina-mantovani.org\/wp-content\/uploads\/2025\/04\/PRESENTAZIONE-OSPEDALE50-300x225.jpg 300w, https:\/\/fondazione-riccardo-marina-mantovani.org\/wp-content\/uploads\/2025\/04\/PRESENTAZIONE-OSPEDALE50-1030x773.jpg 1030w, https:\/\/fondazione-riccardo-marina-mantovani.org\/wp-content\/uploads\/2025\/04\/PRESENTAZIONE-OSPEDALE50-768x576.jpg 768w, https:\/\/fondazione-riccardo-marina-mantovani.org\/wp-content\/uploads\/2025\/04\/PRESENTAZIONE-OSPEDALE50-1536x1152.jpg 1536w, https:\/\/fondazione-riccardo-marina-mantovani.org\/wp-content\/uploads\/2025\/04\/PRESENTAZIONE-OSPEDALE50-1500x1125.jpg 1500w, https:\/\/fondazione-riccardo-marina-mantovani.org\/wp-content\/uploads\/2025\/04\/PRESENTAZIONE-OSPEDALE50-705x529.jpg 705w\" sizes=\"(max-width: 1600px) 100vw, 1600px\" \/><a href=\"https:\/\/fondazione-riccardo-marina-mantovani.org\/wp-content\/uploads\/2025\/04\/PRESENTAZIONE-OSPEDALE50-1030x773.jpg\" data-srcset=\"https:\/\/fondazione-riccardo-marina-mantovani.org\/wp-content\/uploads\/2025\/04\/PRESENTAZIONE-OSPEDALE50-1030x773.jpg 1030w, https:\/\/fondazione-riccardo-marina-mantovani.org\/wp-content\/uploads\/2025\/04\/PRESENTAZIONE-OSPEDALE50-300x225.jpg 300w, https:\/\/fondazione-riccardo-marina-mantovani.org\/wp-content\/uploads\/2025\/04\/PRESENTAZIONE-OSPEDALE50-768x576.jpg 768w, https:\/\/fondazione-riccardo-marina-mantovani.org\/wp-content\/uploads\/2025\/04\/PRESENTAZIONE-OSPEDALE50-1536x1152.jpg 1536w, https:\/\/fondazione-riccardo-marina-mantovani.org\/wp-content\/uploads\/2025\/04\/PRESENTAZIONE-OSPEDALE50-1500x1125.jpg 1500w, https:\/\/fondazione-riccardo-marina-mantovani.org\/wp-content\/uploads\/2025\/04\/PRESENTAZIONE-OSPEDALE50-705x529.jpg 705w, https:\/\/fondazione-riccardo-marina-mantovani.org\/wp-content\/uploads\/2025\/04\/PRESENTAZIONE-OSPEDALE50.jpg 1600w\" data-sizes=\"(max-width: 1030px) 100vw, 1030px\" class='av-horizontal-gallery-link avia-svg-icon avia-font-svg_entypo-fontello' data-av_svg_icon='resize-full' data-av_iconset='svg_entypo-fontello' title='' alt='' aria-label='Open image in lightbox: '><svg version=\"1.1\" xmlns=\"http:\/\/www.w3.org\/2000\/svg\" width=\"25\" height=\"32\" viewBox=\"0 0 25 32\" preserveAspectRatio=\"xMidYMid meet\" aria-labelledby='av-svg-title-9' aria-describedby='av-svg-desc-9' role=\"graphics-symbol\" aria-hidden=\"true\">\n<title id='av-svg-title-9'>Open image in lightbox: <\/title>\n<desc id='av-svg-desc-9'>Open image in lightbox: <\/desc>\n<path d=\"M15.232 3.328h10.112v10.112l-3.2-3.968-4.672 4.864-3.2-3.2 4.864-4.672zM7.872 17.536l3.2 3.2-4.864 4.672 3.904 3.2h-10.112v-10.112l3.2 3.904z\"><\/path>\n<\/svg><\/a><\/div><div class=\"av-horizontal-gallery-wrap noHover\"><img decoding=\"async\" fetchpriority=\"high\" class='wp-image-2972 avia-img-lazy-loading-not-2972 av-horizontal-gallery-img' width=\"1600\" height=\"1067\" src=\"https:\/\/fondazione-riccardo-marina-mantovani.org\/wp-content\/uploads\/2025\/04\/Carolina_-Adwa-Nov-2018_119.jpg\" title='' alt='' srcset=\"https:\/\/fondazione-riccardo-marina-mantovani.org\/wp-content\/uploads\/2025\/04\/Carolina_-Adwa-Nov-2018_119.jpg 1600w, https:\/\/fondazione-riccardo-marina-mantovani.org\/wp-content\/uploads\/2025\/04\/Carolina_-Adwa-Nov-2018_119-300x200.jpg 300w, https:\/\/fondazione-riccardo-marina-mantovani.org\/wp-content\/uploads\/2025\/04\/Carolina_-Adwa-Nov-2018_119-1030x687.jpg 1030w, https:\/\/fondazione-riccardo-marina-mantovani.org\/wp-content\/uploads\/2025\/04\/Carolina_-Adwa-Nov-2018_119-768x512.jpg 768w, https:\/\/fondazione-riccardo-marina-mantovani.org\/wp-content\/uploads\/2025\/04\/Carolina_-Adwa-Nov-2018_119-1536x1024.jpg 1536w, https:\/\/fondazione-riccardo-marina-mantovani.org\/wp-content\/uploads\/2025\/04\/Carolina_-Adwa-Nov-2018_119-1500x1000.jpg 1500w, https:\/\/fondazione-riccardo-marina-mantovani.org\/wp-content\/uploads\/2025\/04\/Carolina_-Adwa-Nov-2018_119-705x470.jpg 705w\" sizes=\"(max-width: 1600px) 100vw, 1600px\" \/><a href=\"https:\/\/fondazione-riccardo-marina-mantovani.org\/wp-content\/uploads\/2025\/04\/Carolina_-Adwa-Nov-2018_119-1030x687.jpg\" data-srcset=\"https:\/\/fondazione-riccardo-marina-mantovani.org\/wp-content\/uploads\/2025\/04\/Carolina_-Adwa-Nov-2018_119-1030x687.jpg 1030w, https:\/\/fondazione-riccardo-marina-mantovani.org\/wp-content\/uploads\/2025\/04\/Carolina_-Adwa-Nov-2018_119-300x200.jpg 300w, https:\/\/fondazione-riccardo-marina-mantovani.org\/wp-content\/uploads\/2025\/04\/Carolina_-Adwa-Nov-2018_119-768x512.jpg 768w, https:\/\/fondazione-riccardo-marina-mantovani.org\/wp-content\/uploads\/2025\/04\/Carolina_-Adwa-Nov-2018_119-1536x1024.jpg 1536w, https:\/\/fondazione-riccardo-marina-mantovani.org\/wp-content\/uploads\/2025\/04\/Carolina_-Adwa-Nov-2018_119-1500x1000.jpg 1500w, https:\/\/fondazione-riccardo-marina-mantovani.org\/wp-content\/uploads\/2025\/04\/Carolina_-Adwa-Nov-2018_119-705x470.jpg 705w, https:\/\/fondazione-riccardo-marina-mantovani.org\/wp-content\/uploads\/2025\/04\/Carolina_-Adwa-Nov-2018_119.jpg 1600w\" data-sizes=\"(max-width: 1030px) 100vw, 1030px\" class='av-horizontal-gallery-link avia-svg-icon avia-font-svg_entypo-fontello' data-av_svg_icon='resize-full' data-av_iconset='svg_entypo-fontello' title='' alt='' aria-label='Open image in lightbox: '><svg version=\"1.1\" xmlns=\"http:\/\/www.w3.org\/2000\/svg\" width=\"25\" height=\"32\" viewBox=\"0 0 25 32\" preserveAspectRatio=\"xMidYMid meet\" aria-labelledby='av-svg-title-10' aria-describedby='av-svg-desc-10' role=\"graphics-symbol\" aria-hidden=\"true\">\n<title id='av-svg-title-10'>Open image in lightbox: <\/title>\n<desc id='av-svg-desc-10'>Open image in lightbox: <\/desc>\n<path d=\"M15.232 3.328h10.112v10.112l-3.2-3.968-4.672 4.864-3.2-3.2 4.864-4.672zM7.872 17.536l3.2 3.2-4.864 4.672 3.904 3.2h-10.112v-10.112l3.2 3.904z\"><\/path>\n<\/svg><\/a><\/div><div class=\"av-horizontal-gallery-wrap noHover\"><img decoding=\"async\" fetchpriority=\"high\" class='wp-image-2932 avia-img-lazy-loading-not-2932 av-horizontal-gallery-img' width=\"1754\" height=\"1170\" src=\"https:\/\/fondazione-riccardo-marina-mantovani.org\/wp-content\/uploads\/2025\/04\/2.jpg\" title='' alt='' srcset=\"https:\/\/fondazione-riccardo-marina-mantovani.org\/wp-content\/uploads\/2025\/04\/2.jpg 1754w, https:\/\/fondazione-riccardo-marina-mantovani.org\/wp-content\/uploads\/2025\/04\/2-300x200.jpg 300w, https:\/\/fondazione-riccardo-marina-mantovani.org\/wp-content\/uploads\/2025\/04\/2-1030x687.jpg 1030w, https:\/\/fondazione-riccardo-marina-mantovani.org\/wp-content\/uploads\/2025\/04\/2-768x512.jpg 768w, https:\/\/fondazione-riccardo-marina-mantovani.org\/wp-content\/uploads\/2025\/04\/2-1536x1025.jpg 1536w, https:\/\/fondazione-riccardo-marina-mantovani.org\/wp-content\/uploads\/2025\/04\/2-1500x1001.jpg 1500w, https:\/\/fondazione-riccardo-marina-mantovani.org\/wp-content\/uploads\/2025\/04\/2-705x470.jpg 705w\" sizes=\"(max-width: 1754px) 100vw, 1754px\" \/><a href=\"https:\/\/fondazione-riccardo-marina-mantovani.org\/wp-content\/uploads\/2025\/04\/2-1030x687.jpg\" data-srcset=\"https:\/\/fondazione-riccardo-marina-mantovani.org\/wp-content\/uploads\/2025\/04\/2-1030x687.jpg 1030w, https:\/\/fondazione-riccardo-marina-mantovani.org\/wp-content\/uploads\/2025\/04\/2-300x200.jpg 300w, https:\/\/fondazione-riccardo-marina-mantovani.org\/wp-content\/uploads\/2025\/04\/2-768x512.jpg 768w, https:\/\/fondazione-riccardo-marina-mantovani.org\/wp-content\/uploads\/2025\/04\/2-1536x1025.jpg 1536w, https:\/\/fondazione-riccardo-marina-mantovani.org\/wp-content\/uploads\/2025\/04\/2-1500x1001.jpg 1500w, https:\/\/fondazione-riccardo-marina-mantovani.org\/wp-content\/uploads\/2025\/04\/2-705x470.jpg 705w, https:\/\/fondazione-riccardo-marina-mantovani.org\/wp-content\/uploads\/2025\/04\/2.jpg 1754w\" data-sizes=\"(max-width: 1030px) 100vw, 1030px\" class='av-horizontal-gallery-link avia-svg-icon avia-font-svg_entypo-fontello' data-av_svg_icon='resize-full' data-av_iconset='svg_entypo-fontello' title='' alt='' aria-label='Open image in lightbox: '><svg version=\"1.1\" xmlns=\"http:\/\/www.w3.org\/2000\/svg\" width=\"25\" height=\"32\" viewBox=\"0 0 25 32\" preserveAspectRatio=\"xMidYMid meet\" aria-labelledby='av-svg-title-11' aria-describedby='av-svg-desc-11' role=\"graphics-symbol\" aria-hidden=\"true\">\n<title id='av-svg-title-11'>Open image in lightbox: <\/title>\n<desc id='av-svg-desc-11'>Open image in lightbox: <\/desc>\n<path d=\"M15.232 3.328h10.112v10.112l-3.2-3.968-4.672 4.864-3.2-3.2 4.864-4.672zM7.872 17.536l3.2 3.2-4.864 4.672 3.904 3.2h-10.112v-10.112l3.2 3.904z\"><\/path>\n<\/svg><\/a><\/div><div class=\"av-horizontal-gallery-wrap noHover\"><img decoding=\"async\" fetchpriority=\"high\" class='wp-image-2980 avia-img-lazy-loading-not-2980 av-horizontal-gallery-img' width=\"1600\" height=\"1067\" src=\"https:\/\/fondazione-riccardo-marina-mantovani.org\/wp-content\/uploads\/2025\/04\/DSC04347.jpg\" title='' alt='' srcset=\"https:\/\/fondazione-riccardo-marina-mantovani.org\/wp-content\/uploads\/2025\/04\/DSC04347.jpg 1600w, https:\/\/fondazione-riccardo-marina-mantovani.org\/wp-content\/uploads\/2025\/04\/DSC04347-300x200.jpg 300w, https:\/\/fondazione-riccardo-marina-mantovani.org\/wp-content\/uploads\/2025\/04\/DSC04347-1030x687.jpg 1030w, https:\/\/fondazione-riccardo-marina-mantovani.org\/wp-content\/uploads\/2025\/04\/DSC04347-768x512.jpg 768w, https:\/\/fondazione-riccardo-marina-mantovani.org\/wp-content\/uploads\/2025\/04\/DSC04347-1536x1024.jpg 1536w, https:\/\/fondazione-riccardo-marina-mantovani.org\/wp-content\/uploads\/2025\/04\/DSC04347-1500x1000.jpg 1500w, https:\/\/fondazione-riccardo-marina-mantovani.org\/wp-content\/uploads\/2025\/04\/DSC04347-705x470.jpg 705w\" sizes=\"(max-width: 1600px) 100vw, 1600px\" \/><a href=\"https:\/\/fondazione-riccardo-marina-mantovani.org\/wp-content\/uploads\/2025\/04\/DSC04347-1030x687.jpg\" data-srcset=\"https:\/\/fondazione-riccardo-marina-mantovani.org\/wp-content\/uploads\/2025\/04\/DSC04347-1030x687.jpg 1030w, https:\/\/fondazione-riccardo-marina-mantovani.org\/wp-content\/uploads\/2025\/04\/DSC04347-300x200.jpg 300w, https:\/\/fondazione-riccardo-marina-mantovani.org\/wp-content\/uploads\/2025\/04\/DSC04347-768x512.jpg 768w, https:\/\/fondazione-riccardo-marina-mantovani.org\/wp-content\/uploads\/2025\/04\/DSC04347-1536x1024.jpg 1536w, https:\/\/fondazione-riccardo-marina-mantovani.org\/wp-content\/uploads\/2025\/04\/DSC04347-1500x1000.jpg 1500w, https:\/\/fondazione-riccardo-marina-mantovani.org\/wp-content\/uploads\/2025\/04\/DSC04347-705x470.jpg 705w, https:\/\/fondazione-riccardo-marina-mantovani.org\/wp-content\/uploads\/2025\/04\/DSC04347.jpg 1600w\" data-sizes=\"(max-width: 1030px) 100vw, 1030px\" class='av-horizontal-gallery-link avia-svg-icon avia-font-svg_entypo-fontello' data-av_svg_icon='resize-full' data-av_iconset='svg_entypo-fontello' title='' alt='' aria-label='Open image in lightbox: '><svg version=\"1.1\" xmlns=\"http:\/\/www.w3.org\/2000\/svg\" width=\"25\" height=\"32\" viewBox=\"0 0 25 32\" preserveAspectRatio=\"xMidYMid meet\" aria-labelledby='av-svg-title-12' aria-describedby='av-svg-desc-12' role=\"graphics-symbol\" aria-hidden=\"true\">\n<title id='av-svg-title-12'>Open image in lightbox: <\/title>\n<desc id='av-svg-desc-12'>Open image in lightbox: <\/desc>\n<path d=\"M15.232 3.328h10.112v10.112l-3.2-3.968-4.672 4.864-3.2-3.2 4.864-4.672zM7.872 17.536l3.2 3.2-4.864 4.672 3.904 3.2h-10.112v-10.112l3.2 3.904z\"><\/path>\n<\/svg><\/a><\/div><div class=\"av-horizontal-gallery-wrap noHover\"><img decoding=\"async\" fetchpriority=\"high\" class='wp-image-2984 avia-img-lazy-loading-not-2984 av-horizontal-gallery-img' width=\"1600\" height=\"1067\" src=\"https:\/\/fondazione-riccardo-marina-mantovani.org\/wp-content\/uploads\/2025\/04\/foto15.jpg\" title='' alt='' srcset=\"https:\/\/fondazione-riccardo-marina-mantovani.org\/wp-content\/uploads\/2025\/04\/foto15.jpg 1600w, https:\/\/fondazione-riccardo-marina-mantovani.org\/wp-content\/uploads\/2025\/04\/foto15-300x200.jpg 300w, https:\/\/fondazione-riccardo-marina-mantovani.org\/wp-content\/uploads\/2025\/04\/foto15-1030x687.jpg 1030w, https:\/\/fondazione-riccardo-marina-mantovani.org\/wp-content\/uploads\/2025\/04\/foto15-768x512.jpg 768w, https:\/\/fondazione-riccardo-marina-mantovani.org\/wp-content\/uploads\/2025\/04\/foto15-1536x1024.jpg 1536w, https:\/\/fondazione-riccardo-marina-mantovani.org\/wp-content\/uploads\/2025\/04\/foto15-1500x1000.jpg 1500w, https:\/\/fondazione-riccardo-marina-mantovani.org\/wp-content\/uploads\/2025\/04\/foto15-705x470.jpg 705w\" sizes=\"(max-width: 1600px) 100vw, 1600px\" \/><a href=\"https:\/\/fondazione-riccardo-marina-mantovani.org\/wp-content\/uploads\/2025\/04\/foto15-1030x687.jpg\" data-srcset=\"https:\/\/fondazione-riccardo-marina-mantovani.org\/wp-content\/uploads\/2025\/04\/foto15-1030x687.jpg 1030w, https:\/\/fondazione-riccardo-marina-mantovani.org\/wp-content\/uploads\/2025\/04\/foto15-300x200.jpg 300w, https:\/\/fondazione-riccardo-marina-mantovani.org\/wp-content\/uploads\/2025\/04\/foto15-768x512.jpg 768w, https:\/\/fondazione-riccardo-marina-mantovani.org\/wp-content\/uploads\/2025\/04\/foto15-1536x1024.jpg 1536w, https:\/\/fondazione-riccardo-marina-mantovani.org\/wp-content\/uploads\/2025\/04\/foto15-1500x1000.jpg 1500w, https:\/\/fondazione-riccardo-marina-mantovani.org\/wp-content\/uploads\/2025\/04\/foto15-705x470.jpg 705w, https:\/\/fondazione-riccardo-marina-mantovani.org\/wp-content\/uploads\/2025\/04\/foto15.jpg 1600w\" data-sizes=\"(max-width: 1030px) 100vw, 1030px\" class='av-horizontal-gallery-link avia-svg-icon avia-font-svg_entypo-fontello' data-av_svg_icon='resize-full' data-av_iconset='svg_entypo-fontello' title='' alt='' aria-label='Open image in lightbox: '><svg version=\"1.1\" xmlns=\"http:\/\/www.w3.org\/2000\/svg\" width=\"25\" height=\"32\" viewBox=\"0 0 25 32\" preserveAspectRatio=\"xMidYMid meet\" aria-labelledby='av-svg-title-13' aria-describedby='av-svg-desc-13' role=\"graphics-symbol\" aria-hidden=\"true\">\n<title id='av-svg-title-13'>Open image in lightbox: <\/title>\n<desc id='av-svg-desc-13'>Open image in lightbox: <\/desc>\n<path d=\"M15.232 3.328h10.112v10.112l-3.2-3.968-4.672 4.864-3.2-3.2 4.864-4.672zM7.872 17.536l3.2 3.2-4.864 4.672 3.904 3.2h-10.112v-10.112l3.2 3.904z\"><\/path>\n<\/svg><\/a><\/div><div class=\"av-horizontal-gallery-wrap noHover\"><img decoding=\"async\" fetchpriority=\"high\" class='wp-image-2936 avia-img-lazy-loading-not-2936 av-horizontal-gallery-img' width=\"1280\" height=\"854\" src=\"https:\/\/fondazione-riccardo-marina-mantovani.org\/wp-content\/uploads\/2025\/04\/018_scuola-oggi.jpg\" title='' alt='' srcset=\"https:\/\/fondazione-riccardo-marina-mantovani.org\/wp-content\/uploads\/2025\/04\/018_scuola-oggi.jpg 1280w, https:\/\/fondazione-riccardo-marina-mantovani.org\/wp-content\/uploads\/2025\/04\/018_scuola-oggi-300x200.jpg 300w, https:\/\/fondazione-riccardo-marina-mantovani.org\/wp-content\/uploads\/2025\/04\/018_scuola-oggi-1030x687.jpg 1030w, https:\/\/fondazione-riccardo-marina-mantovani.org\/wp-content\/uploads\/2025\/04\/018_scuola-oggi-768x512.jpg 768w, https:\/\/fondazione-riccardo-marina-mantovani.org\/wp-content\/uploads\/2025\/04\/018_scuola-oggi-705x470.jpg 705w\" sizes=\"(max-width: 1280px) 100vw, 1280px\" \/><a href=\"https:\/\/fondazione-riccardo-marina-mantovani.org\/wp-content\/uploads\/2025\/04\/018_scuola-oggi-1030x687.jpg\" data-srcset=\"https:\/\/fondazione-riccardo-marina-mantovani.org\/wp-content\/uploads\/2025\/04\/018_scuola-oggi-1030x687.jpg 1030w, https:\/\/fondazione-riccardo-marina-mantovani.org\/wp-content\/uploads\/2025\/04\/018_scuola-oggi-300x200.jpg 300w, https:\/\/fondazione-riccardo-marina-mantovani.org\/wp-content\/uploads\/2025\/04\/018_scuola-oggi-768x512.jpg 768w, https:\/\/fondazione-riccardo-marina-mantovani.org\/wp-content\/uploads\/2025\/04\/018_scuola-oggi-705x470.jpg 705w, https:\/\/fondazione-riccardo-marina-mantovani.org\/wp-content\/uploads\/2025\/04\/018_scuola-oggi.jpg 1280w\" data-sizes=\"(max-width: 1030px) 100vw, 1030px\" class='av-horizontal-gallery-link avia-svg-icon avia-font-svg_entypo-fontello' data-av_svg_icon='resize-full' data-av_iconset='svg_entypo-fontello' title='' alt='' aria-label='Open image in lightbox: '><svg version=\"1.1\" xmlns=\"http:\/\/www.w3.org\/2000\/svg\" width=\"25\" height=\"32\" viewBox=\"0 0 25 32\" preserveAspectRatio=\"xMidYMid meet\" aria-labelledby='av-svg-title-14' aria-describedby='av-svg-desc-14' role=\"graphics-symbol\" aria-hidden=\"true\">\n<title id='av-svg-title-14'>Open image in lightbox: <\/title>\n<desc id='av-svg-desc-14'>Open image in lightbox: <\/desc>\n<path d=\"M15.232 3.328h10.112v10.112l-3.2-3.968-4.672 4.864-3.2-3.2 4.864-4.672zM7.872 17.536l3.2 3.2-4.864 4.672 3.904 3.2h-10.112v-10.112l3.2 3.904z\"><\/path>\n<\/svg><\/a><\/div><div class=\"av-horizontal-gallery-wrap noHover\"><img decoding=\"async\" fetchpriority=\"high\" class='wp-image-2944 avia-img-lazy-loading-not-2944 av-horizontal-gallery-img' width=\"1280\" height=\"960\" src=\"https:\/\/fondazione-riccardo-marina-mantovani.org\/wp-content\/uploads\/2025\/04\/023_scuola-oggi.jpg\" title='' alt='' srcset=\"https:\/\/fondazione-riccardo-marina-mantovani.org\/wp-content\/uploads\/2025\/04\/023_scuola-oggi.jpg 1280w, https:\/\/fondazione-riccardo-marina-mantovani.org\/wp-content\/uploads\/2025\/04\/023_scuola-oggi-300x225.jpg 300w, https:\/\/fondazione-riccardo-marina-mantovani.org\/wp-content\/uploads\/2025\/04\/023_scuola-oggi-1030x773.jpg 1030w, https:\/\/fondazione-riccardo-marina-mantovani.org\/wp-content\/uploads\/2025\/04\/023_scuola-oggi-768x576.jpg 768w, https:\/\/fondazione-riccardo-marina-mantovani.org\/wp-content\/uploads\/2025\/04\/023_scuola-oggi-705x529.jpg 705w\" sizes=\"(max-width: 1280px) 100vw, 1280px\" \/><a href=\"https:\/\/fondazione-riccardo-marina-mantovani.org\/wp-content\/uploads\/2025\/04\/023_scuola-oggi-1030x773.jpg\" data-srcset=\"https:\/\/fondazione-riccardo-marina-mantovani.org\/wp-content\/uploads\/2025\/04\/023_scuola-oggi-1030x773.jpg 1030w, https:\/\/fondazione-riccardo-marina-mantovani.org\/wp-content\/uploads\/2025\/04\/023_scuola-oggi-300x225.jpg 300w, https:\/\/fondazione-riccardo-marina-mantovani.org\/wp-content\/uploads\/2025\/04\/023_scuola-oggi-768x576.jpg 768w, https:\/\/fondazione-riccardo-marina-mantovani.org\/wp-content\/uploads\/2025\/04\/023_scuola-oggi-705x529.jpg 705w, https:\/\/fondazione-riccardo-marina-mantovani.org\/wp-content\/uploads\/2025\/04\/023_scuola-oggi.jpg 1280w\" data-sizes=\"(max-width: 1030px) 100vw, 1030px\" class='av-horizontal-gallery-link avia-svg-icon avia-font-svg_entypo-fontello' data-av_svg_icon='resize-full' data-av_iconset='svg_entypo-fontello' title='' alt='' aria-label='Open image in lightbox: '><svg version=\"1.1\" xmlns=\"http:\/\/www.w3.org\/2000\/svg\" width=\"25\" height=\"32\" viewBox=\"0 0 25 32\" preserveAspectRatio=\"xMidYMid meet\" aria-labelledby='av-svg-title-15' aria-describedby='av-svg-desc-15' role=\"graphics-symbol\" aria-hidden=\"true\">\n<title id='av-svg-title-15'>Open image in lightbox: <\/title>\n<desc id='av-svg-desc-15'>Open image in lightbox: <\/desc>\n<path d=\"M15.232 3.328h10.112v10.112l-3.2-3.968-4.672 4.864-3.2-3.2 4.864-4.672zM7.872 17.536l3.2 3.2-4.864 4.672 3.904 3.2h-10.112v-10.112l3.2 3.904z\"><\/path>\n<\/svg><\/a><\/div><div class=\"av-horizontal-gallery-wrap noHover\"><img decoding=\"async\" fetchpriority=\"high\" class='wp-image-2948 avia-img-lazy-loading-not-2948 av-horizontal-gallery-img' width=\"1600\" height=\"1200\" src=\"https:\/\/fondazione-riccardo-marina-mantovani.org\/wp-content\/uploads\/2025\/04\/024_scuola-oggi.jpg\" title='' alt='' srcset=\"https:\/\/fondazione-riccardo-marina-mantovani.org\/wp-content\/uploads\/2025\/04\/024_scuola-oggi.jpg 1600w, https:\/\/fondazione-riccardo-marina-mantovani.org\/wp-content\/uploads\/2025\/04\/024_scuola-oggi-300x225.jpg 300w, https:\/\/fondazione-riccardo-marina-mantovani.org\/wp-content\/uploads\/2025\/04\/024_scuola-oggi-1030x773.jpg 1030w, https:\/\/fondazione-riccardo-marina-mantovani.org\/wp-content\/uploads\/2025\/04\/024_scuola-oggi-768x576.jpg 768w, https:\/\/fondazione-riccardo-marina-mantovani.org\/wp-content\/uploads\/2025\/04\/024_scuola-oggi-1536x1152.jpg 1536w, https:\/\/fondazione-riccardo-marina-mantovani.org\/wp-content\/uploads\/2025\/04\/024_scuola-oggi-1500x1125.jpg 1500w, https:\/\/fondazione-riccardo-marina-mantovani.org\/wp-content\/uploads\/2025\/04\/024_scuola-oggi-705x529.jpg 705w\" sizes=\"(max-width: 1600px) 100vw, 1600px\" \/><a href=\"https:\/\/fondazione-riccardo-marina-mantovani.org\/wp-content\/uploads\/2025\/04\/024_scuola-oggi-1030x773.jpg\" data-srcset=\"https:\/\/fondazione-riccardo-marina-mantovani.org\/wp-content\/uploads\/2025\/04\/024_scuola-oggi-1030x773.jpg 1030w, https:\/\/fondazione-riccardo-marina-mantovani.org\/wp-content\/uploads\/2025\/04\/024_scuola-oggi-300x225.jpg 300w, https:\/\/fondazione-riccardo-marina-mantovani.org\/wp-content\/uploads\/2025\/04\/024_scuola-oggi-768x576.jpg 768w, https:\/\/fondazione-riccardo-marina-mantovani.org\/wp-content\/uploads\/2025\/04\/024_scuola-oggi-1536x1152.jpg 1536w, https:\/\/fondazione-riccardo-marina-mantovani.org\/wp-content\/uploads\/2025\/04\/024_scuola-oggi-1500x1125.jpg 1500w, https:\/\/fondazione-riccardo-marina-mantovani.org\/wp-content\/uploads\/2025\/04\/024_scuola-oggi-705x529.jpg 705w, https:\/\/fondazione-riccardo-marina-mantovani.org\/wp-content\/uploads\/2025\/04\/024_scuola-oggi.jpg 1600w\" data-sizes=\"(max-width: 1030px) 100vw, 1030px\" class='av-horizontal-gallery-link avia-svg-icon avia-font-svg_entypo-fontello' data-av_svg_icon='resize-full' data-av_iconset='svg_entypo-fontello' title='' alt='' aria-label='Open image in lightbox: '><svg version=\"1.1\" xmlns=\"http:\/\/www.w3.org\/2000\/svg\" width=\"25\" height=\"32\" viewBox=\"0 0 25 32\" preserveAspectRatio=\"xMidYMid meet\" aria-labelledby='av-svg-title-16' aria-describedby='av-svg-desc-16' role=\"graphics-symbol\" aria-hidden=\"true\">\n<title id='av-svg-title-16'>Open image in lightbox: <\/title>\n<desc id='av-svg-desc-16'>Open image in lightbox: <\/desc>\n<path d=\"M15.232 3.328h10.112v10.112l-3.2-3.968-4.672 4.864-3.2-3.2 4.864-4.672zM7.872 17.536l3.2 3.2-4.864 4.672 3.904 3.2h-10.112v-10.112l3.2 3.904z\"><\/path>\n<\/svg><\/a><\/div><div class=\"av-horizontal-gallery-wrap noHover\"><img decoding=\"async\" fetchpriority=\"high\" class='wp-image-2952 avia-img-lazy-loading-not-2952 av-horizontal-gallery-img' width=\"1280\" height=\"960\" src=\"https:\/\/fondazione-riccardo-marina-mantovani.org\/wp-content\/uploads\/2025\/04\/025_scuola-oggi.jpg\" title='' alt='' srcset=\"https:\/\/fondazione-riccardo-marina-mantovani.org\/wp-content\/uploads\/2025\/04\/025_scuola-oggi.jpg 1280w, https:\/\/fondazione-riccardo-marina-mantovani.org\/wp-content\/uploads\/2025\/04\/025_scuola-oggi-300x225.jpg 300w, https:\/\/fondazione-riccardo-marina-mantovani.org\/wp-content\/uploads\/2025\/04\/025_scuola-oggi-1030x773.jpg 1030w, https:\/\/fondazione-riccardo-marina-mantovani.org\/wp-content\/uploads\/2025\/04\/025_scuola-oggi-768x576.jpg 768w, https:\/\/fondazione-riccardo-marina-mantovani.org\/wp-content\/uploads\/2025\/04\/025_scuola-oggi-705x529.jpg 705w\" sizes=\"(max-width: 1280px) 100vw, 1280px\" \/><a href=\"https:\/\/fondazione-riccardo-marina-mantovani.org\/wp-content\/uploads\/2025\/04\/025_scuola-oggi-1030x773.jpg\" data-srcset=\"https:\/\/fondazione-riccardo-marina-mantovani.org\/wp-content\/uploads\/2025\/04\/025_scuola-oggi-1030x773.jpg 1030w, https:\/\/fondazione-riccardo-marina-mantovani.org\/wp-content\/uploads\/2025\/04\/025_scuola-oggi-300x225.jpg 300w, https:\/\/fondazione-riccardo-marina-mantovani.org\/wp-content\/uploads\/2025\/04\/025_scuola-oggi-768x576.jpg 768w, https:\/\/fondazione-riccardo-marina-mantovani.org\/wp-content\/uploads\/2025\/04\/025_scuola-oggi-705x529.jpg 705w, https:\/\/fondazione-riccardo-marina-mantovani.org\/wp-content\/uploads\/2025\/04\/025_scuola-oggi.jpg 1280w\" data-sizes=\"(max-width: 1030px) 100vw, 1030px\" class='av-horizontal-gallery-link avia-svg-icon avia-font-svg_entypo-fontello' data-av_svg_icon='resize-full' data-av_iconset='svg_entypo-fontello' title='' alt='' aria-label='Open image in lightbox: '><svg version=\"1.1\" xmlns=\"http:\/\/www.w3.org\/2000\/svg\" width=\"25\" height=\"32\" viewBox=\"0 0 25 32\" preserveAspectRatio=\"xMidYMid meet\" aria-labelledby='av-svg-title-17' aria-describedby='av-svg-desc-17' role=\"graphics-symbol\" aria-hidden=\"true\">\n<title id='av-svg-title-17'>Open image in lightbox: <\/title>\n<desc id='av-svg-desc-17'>Open image in lightbox: <\/desc>\n<path d=\"M15.232 3.328h10.112v10.112l-3.2-3.968-4.672 4.864-3.2-3.2 4.864-4.672zM7.872 17.536l3.2 3.2-4.864 4.672 3.904 3.2h-10.112v-10.112l3.2 3.904z\"><\/path>\n<\/svg><\/a><\/div><div class=\"av-horizontal-gallery-wrap noHover\"><img decoding=\"async\" fetchpriority=\"high\" class='wp-image-2956 avia-img-lazy-loading-not-2956 av-horizontal-gallery-img' width=\"1280\" height=\"960\" src=\"https:\/\/fondazione-riccardo-marina-mantovani.org\/wp-content\/uploads\/2025\/04\/026_scuola-oggi.jpg\" title='' alt='' srcset=\"https:\/\/fondazione-riccardo-marina-mantovani.org\/wp-content\/uploads\/2025\/04\/026_scuola-oggi.jpg 1280w, https:\/\/fondazione-riccardo-marina-mantovani.org\/wp-content\/uploads\/2025\/04\/026_scuola-oggi-300x225.jpg 300w, https:\/\/fondazione-riccardo-marina-mantovani.org\/wp-content\/uploads\/2025\/04\/026_scuola-oggi-1030x773.jpg 1030w, https:\/\/fondazione-riccardo-marina-mantovani.org\/wp-content\/uploads\/2025\/04\/026_scuola-oggi-768x576.jpg 768w, https:\/\/fondazione-riccardo-marina-mantovani.org\/wp-content\/uploads\/2025\/04\/026_scuola-oggi-705x529.jpg 705w\" sizes=\"(max-width: 1280px) 100vw, 1280px\" \/><a href=\"https:\/\/fondazione-riccardo-marina-mantovani.org\/wp-content\/uploads\/2025\/04\/026_scuola-oggi-1030x773.jpg\" data-srcset=\"https:\/\/fondazione-riccardo-marina-mantovani.org\/wp-content\/uploads\/2025\/04\/026_scuola-oggi-1030x773.jpg 1030w, https:\/\/fondazione-riccardo-marina-mantovani.org\/wp-content\/uploads\/2025\/04\/026_scuola-oggi-300x225.jpg 300w, https:\/\/fondazione-riccardo-marina-mantovani.org\/wp-content\/uploads\/2025\/04\/026_scuola-oggi-768x576.jpg 768w, https:\/\/fondazione-riccardo-marina-mantovani.org\/wp-content\/uploads\/2025\/04\/026_scuola-oggi-705x529.jpg 705w, https:\/\/fondazione-riccardo-marina-mantovani.org\/wp-content\/uploads\/2025\/04\/026_scuola-oggi.jpg 1280w\" data-sizes=\"(max-width: 1030px) 100vw, 1030px\" class='av-horizontal-gallery-link avia-svg-icon avia-font-svg_entypo-fontello' data-av_svg_icon='resize-full' data-av_iconset='svg_entypo-fontello' title='' alt='' aria-label='Open image in lightbox: '><svg version=\"1.1\" xmlns=\"http:\/\/www.w3.org\/2000\/svg\" width=\"25\" height=\"32\" viewBox=\"0 0 25 32\" preserveAspectRatio=\"xMidYMid meet\" aria-labelledby='av-svg-title-18' aria-describedby='av-svg-desc-18' role=\"graphics-symbol\" aria-hidden=\"true\">\n<title id='av-svg-title-18'>Open image in lightbox: <\/title>\n<desc id='av-svg-desc-18'>Open image in lightbox: <\/desc>\n<path d=\"M15.232 3.328h10.112v10.112l-3.2-3.968-4.672 4.864-3.2-3.2 4.864-4.672zM7.872 17.536l3.2 3.2-4.864 4.672 3.904 3.2h-10.112v-10.112l3.2 3.904z\"><\/path>\n<\/svg><\/a><\/div><div class=\"av-horizontal-gallery-wrap noHover\"><img decoding=\"async\" fetchpriority=\"high\" class='wp-image-2960 avia-img-lazy-loading-not-2960 av-horizontal-gallery-img' width=\"710\" height=\"533\" src=\"https:\/\/fondazione-riccardo-marina-mantovani.org\/wp-content\/uploads\/2025\/04\/027_festa-Natale.jpg\" title='' alt='' srcset=\"https:\/\/fondazione-riccardo-marina-mantovani.org\/wp-content\/uploads\/2025\/04\/027_festa-Natale.jpg 710w, https:\/\/fondazione-riccardo-marina-mantovani.org\/wp-content\/uploads\/2025\/04\/027_festa-Natale-300x225.jpg 300w, https:\/\/fondazione-riccardo-marina-mantovani.org\/wp-content\/uploads\/2025\/04\/027_festa-Natale-705x529.jpg 705w\" sizes=\"(max-width: 710px) 100vw, 710px\" \/><a href=\"https:\/\/fondazione-riccardo-marina-mantovani.org\/wp-content\/uploads\/2025\/04\/027_festa-Natale.jpg\" data-srcset=\"https:\/\/fondazione-riccardo-marina-mantovani.org\/wp-content\/uploads\/2025\/04\/027_festa-Natale.jpg 710w, https:\/\/fondazione-riccardo-marina-mantovani.org\/wp-content\/uploads\/2025\/04\/027_festa-Natale-300x225.jpg 300w, https:\/\/fondazione-riccardo-marina-mantovani.org\/wp-content\/uploads\/2025\/04\/027_festa-Natale-705x529.jpg 705w\" data-sizes=\"(max-width: 710px) 100vw, 710px\" class='av-horizontal-gallery-link avia-svg-icon avia-font-svg_entypo-fontello' data-av_svg_icon='resize-full' data-av_iconset='svg_entypo-fontello' title='' alt='' aria-label='Open image in lightbox: '><svg version=\"1.1\" xmlns=\"http:\/\/www.w3.org\/2000\/svg\" width=\"25\" height=\"32\" viewBox=\"0 0 25 32\" preserveAspectRatio=\"xMidYMid meet\" aria-labelledby='av-svg-title-19' aria-describedby='av-svg-desc-19' role=\"graphics-symbol\" aria-hidden=\"true\">\n<title id='av-svg-title-19'>Open image in lightbox: <\/title>\n<desc id='av-svg-desc-19'>Open image in lightbox: <\/desc>\n<path d=\"M15.232 3.328h10.112v10.112l-3.2-3.968-4.672 4.864-3.2-3.2 4.864-4.672zM7.872 17.536l3.2 3.2-4.864 4.672 3.904 3.2h-10.112v-10.112l3.2 3.904z\"><\/path>\n<\/svg><\/a><\/div><div class=\"av-horizontal-gallery-wrap noHover\"><img decoding=\"async\" fetchpriority=\"high\" class='wp-image-2964 avia-img-lazy-loading-not-2964 av-horizontal-gallery-img' width=\"1280\" height=\"854\" src=\"https:\/\/fondazione-riccardo-marina-mantovani.org\/wp-content\/uploads\/2025\/04\/032g.jpg\" title='' alt='' srcset=\"https:\/\/fondazione-riccardo-marina-mantovani.org\/wp-content\/uploads\/2025\/04\/032g.jpg 1280w, https:\/\/fondazione-riccardo-marina-mantovani.org\/wp-content\/uploads\/2025\/04\/032g-300x200.jpg 300w, https:\/\/fondazione-riccardo-marina-mantovani.org\/wp-content\/uploads\/2025\/04\/032g-1030x687.jpg 1030w, https:\/\/fondazione-riccardo-marina-mantovani.org\/wp-content\/uploads\/2025\/04\/032g-768x512.jpg 768w, https:\/\/fondazione-riccardo-marina-mantovani.org\/wp-content\/uploads\/2025\/04\/032g-705x470.jpg 705w\" sizes=\"(max-width: 1280px) 100vw, 1280px\" \/><a href=\"https:\/\/fondazione-riccardo-marina-mantovani.org\/wp-content\/uploads\/2025\/04\/032g-1030x687.jpg\" data-srcset=\"https:\/\/fondazione-riccardo-marina-mantovani.org\/wp-content\/uploads\/2025\/04\/032g-1030x687.jpg 1030w, https:\/\/fondazione-riccardo-marina-mantovani.org\/wp-content\/uploads\/2025\/04\/032g-300x200.jpg 300w, https:\/\/fondazione-riccardo-marina-mantovani.org\/wp-content\/uploads\/2025\/04\/032g-768x512.jpg 768w, https:\/\/fondazione-riccardo-marina-mantovani.org\/wp-content\/uploads\/2025\/04\/032g-705x470.jpg 705w, https:\/\/fondazione-riccardo-marina-mantovani.org\/wp-content\/uploads\/2025\/04\/032g.jpg 1280w\" data-sizes=\"(max-width: 1030px) 100vw, 1030px\" class='av-horizontal-gallery-link avia-svg-icon avia-font-svg_entypo-fontello' data-av_svg_icon='resize-full' data-av_iconset='svg_entypo-fontello' title='' alt='' aria-label='Open image in lightbox: '><svg version=\"1.1\" xmlns=\"http:\/\/www.w3.org\/2000\/svg\" width=\"25\" height=\"32\" viewBox=\"0 0 25 32\" preserveAspectRatio=\"xMidYMid meet\" aria-labelledby='av-svg-title-20' aria-describedby='av-svg-desc-20' role=\"graphics-symbol\" aria-hidden=\"true\">\n<title id='av-svg-title-20'>Open image in lightbox: <\/title>\n<desc id='av-svg-desc-20'>Open image in lightbox: <\/desc>\n<path d=\"M15.232 3.328h10.112v10.112l-3.2-3.968-4.672 4.864-3.2-3.2 4.864-4.672zM7.872 17.536l3.2 3.2-4.864 4.672 3.904 3.2h-10.112v-10.112l3.2 3.904z\"><\/path>\n<\/svg><\/a><\/div><div class=\"av-horizontal-gallery-wrap noHover\"><img decoding=\"async\" fetchpriority=\"high\" class='wp-image-2968 avia-img-lazy-loading-not-2968 av-horizontal-gallery-img' width=\"1600\" height=\"1067\" src=\"https:\/\/fondazione-riccardo-marina-mantovani.org\/wp-content\/uploads\/2025\/04\/Carolina_-Adwa-Nov-2018_108.jpg\" title='' alt='' srcset=\"https:\/\/fondazione-riccardo-marina-mantovani.org\/wp-content\/uploads\/2025\/04\/Carolina_-Adwa-Nov-2018_108.jpg 1600w, https:\/\/fondazione-riccardo-marina-mantovani.org\/wp-content\/uploads\/2025\/04\/Carolina_-Adwa-Nov-2018_108-300x200.jpg 300w, https:\/\/fondazione-riccardo-marina-mantovani.org\/wp-content\/uploads\/2025\/04\/Carolina_-Adwa-Nov-2018_108-1030x687.jpg 1030w, https:\/\/fondazione-riccardo-marina-mantovani.org\/wp-content\/uploads\/2025\/04\/Carolina_-Adwa-Nov-2018_108-768x512.jpg 768w, https:\/\/fondazione-riccardo-marina-mantovani.org\/wp-content\/uploads\/2025\/04\/Carolina_-Adwa-Nov-2018_108-1536x1024.jpg 1536w, https:\/\/fondazione-riccardo-marina-mantovani.org\/wp-content\/uploads\/2025\/04\/Carolina_-Adwa-Nov-2018_108-1500x1000.jpg 1500w, https:\/\/fondazione-riccardo-marina-mantovani.org\/wp-content\/uploads\/2025\/04\/Carolina_-Adwa-Nov-2018_108-705x470.jpg 705w\" sizes=\"(max-width: 1600px) 100vw, 1600px\" \/><a href=\"https:\/\/fondazione-riccardo-marina-mantovani.org\/wp-content\/uploads\/2025\/04\/Carolina_-Adwa-Nov-2018_108-1030x687.jpg\" data-srcset=\"https:\/\/fondazione-riccardo-marina-mantovani.org\/wp-content\/uploads\/2025\/04\/Carolina_-Adwa-Nov-2018_108-1030x687.jpg 1030w, https:\/\/fondazione-riccardo-marina-mantovani.org\/wp-content\/uploads\/2025\/04\/Carolina_-Adwa-Nov-2018_108-300x200.jpg 300w, https:\/\/fondazione-riccardo-marina-mantovani.org\/wp-content\/uploads\/2025\/04\/Carolina_-Adwa-Nov-2018_108-768x512.jpg 768w, https:\/\/fondazione-riccardo-marina-mantovani.org\/wp-content\/uploads\/2025\/04\/Carolina_-Adwa-Nov-2018_108-1536x1024.jpg 1536w, https:\/\/fondazione-riccardo-marina-mantovani.org\/wp-content\/uploads\/2025\/04\/Carolina_-Adwa-Nov-2018_108-1500x1000.jpg 1500w, https:\/\/fondazione-riccardo-marina-mantovani.org\/wp-content\/uploads\/2025\/04\/Carolina_-Adwa-Nov-2018_108-705x470.jpg 705w, https:\/\/fondazione-riccardo-marina-mantovani.org\/wp-content\/uploads\/2025\/04\/Carolina_-Adwa-Nov-2018_108.jpg 1600w\" data-sizes=\"(max-width: 1030px) 100vw, 1030px\" class='av-horizontal-gallery-link avia-svg-icon avia-font-svg_entypo-fontello' data-av_svg_icon='resize-full' data-av_iconset='svg_entypo-fontello' title='' alt='' aria-label='Open image in lightbox: '><svg version=\"1.1\" xmlns=\"http:\/\/www.w3.org\/2000\/svg\" width=\"25\" height=\"32\" viewBox=\"0 0 25 32\" preserveAspectRatio=\"xMidYMid meet\" aria-labelledby='av-svg-title-21' aria-describedby='av-svg-desc-21' role=\"graphics-symbol\" aria-hidden=\"true\">\n<title id='av-svg-title-21'>Open image in lightbox: <\/title>\n<desc id='av-svg-desc-21'>Open image in lightbox: <\/desc>\n<path d=\"M15.232 3.328h10.112v10.112l-3.2-3.968-4.672 4.864-3.2-3.2 4.864-4.672zM7.872 17.536l3.2 3.2-4.864 4.672 3.904 3.2h-10.112v-10.112l3.2 3.904z\"><\/path>\n<\/svg><\/a><\/div><div class=\"av-horizontal-gallery-wrap noHover\"><img decoding=\"async\" fetchpriority=\"high\" class='wp-image-2976 avia-img-lazy-loading-not-2976 av-horizontal-gallery-img' width=\"1600\" height=\"1070\" src=\"https:\/\/fondazione-riccardo-marina-mantovani.org\/wp-content\/uploads\/2025\/04\/DSC_7256.jpg\" title='' alt='' srcset=\"https:\/\/fondazione-riccardo-marina-mantovani.org\/wp-content\/uploads\/2025\/04\/DSC_7256.jpg 1600w, https:\/\/fondazione-riccardo-marina-mantovani.org\/wp-content\/uploads\/2025\/04\/DSC_7256-300x201.jpg 300w, https:\/\/fondazione-riccardo-marina-mantovani.org\/wp-content\/uploads\/2025\/04\/DSC_7256-1030x689.jpg 1030w, https:\/\/fondazione-riccardo-marina-mantovani.org\/wp-content\/uploads\/2025\/04\/DSC_7256-768x514.jpg 768w, https:\/\/fondazione-riccardo-marina-mantovani.org\/wp-content\/uploads\/2025\/04\/DSC_7256-1536x1027.jpg 1536w, https:\/\/fondazione-riccardo-marina-mantovani.org\/wp-content\/uploads\/2025\/04\/DSC_7256-1500x1003.jpg 1500w, https:\/\/fondazione-riccardo-marina-mantovani.org\/wp-content\/uploads\/2025\/04\/DSC_7256-705x471.jpg 705w\" sizes=\"(max-width: 1600px) 100vw, 1600px\" \/><a href=\"https:\/\/fondazione-riccardo-marina-mantovani.org\/wp-content\/uploads\/2025\/04\/DSC_7256-1030x689.jpg\" data-srcset=\"https:\/\/fondazione-riccardo-marina-mantovani.org\/wp-content\/uploads\/2025\/04\/DSC_7256-1030x689.jpg 1030w, https:\/\/fondazione-riccardo-marina-mantovani.org\/wp-content\/uploads\/2025\/04\/DSC_7256-300x201.jpg 300w, https:\/\/fondazione-riccardo-marina-mantovani.org\/wp-content\/uploads\/2025\/04\/DSC_7256-768x514.jpg 768w, https:\/\/fondazione-riccardo-marina-mantovani.org\/wp-content\/uploads\/2025\/04\/DSC_7256-1536x1027.jpg 1536w, https:\/\/fondazione-riccardo-marina-mantovani.org\/wp-content\/uploads\/2025\/04\/DSC_7256-1500x1003.jpg 1500w, https:\/\/fondazione-riccardo-marina-mantovani.org\/wp-content\/uploads\/2025\/04\/DSC_7256-705x471.jpg 705w, https:\/\/fondazione-riccardo-marina-mantovani.org\/wp-content\/uploads\/2025\/04\/DSC_7256.jpg 1600w\" data-sizes=\"(max-width: 1030px) 100vw, 1030px\" class='av-horizontal-gallery-link avia-svg-icon avia-font-svg_entypo-fontello' data-av_svg_icon='resize-full' data-av_iconset='svg_entypo-fontello' title='' alt='' aria-label='Open image in lightbox: '><svg version=\"1.1\" xmlns=\"http:\/\/www.w3.org\/2000\/svg\" width=\"25\" height=\"32\" viewBox=\"0 0 25 32\" preserveAspectRatio=\"xMidYMid meet\" aria-labelledby='av-svg-title-22' aria-describedby='av-svg-desc-22' role=\"graphics-symbol\" aria-hidden=\"true\">\n<title id='av-svg-title-22'>Open image in lightbox: <\/title>\n<desc id='av-svg-desc-22'>Open image in lightbox: <\/desc>\n<path d=\"M15.232 3.328h10.112v10.112l-3.2-3.968-4.672 4.864-3.2-3.2 4.864-4.672zM7.872 17.536l3.2 3.2-4.864 4.672 3.904 3.2h-10.112v-10.112l3.2 3.904z\"><\/path>\n<\/svg><\/a><\/div><div class=\"av-horizontal-gallery-wrap noHover\"><img decoding=\"async\" fetchpriority=\"high\" class='wp-image-3016 avia-img-lazy-loading-not-3016 av-horizontal-gallery-img' width=\"1181\" height=\"787\" src=\"https:\/\/fondazione-riccardo-marina-mantovani.org\/wp-content\/uploads\/2025\/04\/ospedalemarzo201900087.jpg\" title='' alt='' srcset=\"https:\/\/fondazione-riccardo-marina-mantovani.org\/wp-content\/uploads\/2025\/04\/ospedalemarzo201900087.jpg 1181w, https:\/\/fondazione-riccardo-marina-mantovani.org\/wp-content\/uploads\/2025\/04\/ospedalemarzo201900087-300x200.jpg 300w, https:\/\/fondazione-riccardo-marina-mantovani.org\/wp-content\/uploads\/2025\/04\/ospedalemarzo201900087-1030x686.jpg 1030w, https:\/\/fondazione-riccardo-marina-mantovani.org\/wp-content\/uploads\/2025\/04\/ospedalemarzo201900087-768x512.jpg 768w, https:\/\/fondazione-riccardo-marina-mantovani.org\/wp-content\/uploads\/2025\/04\/ospedalemarzo201900087-705x470.jpg 705w\" sizes=\"(max-width: 1181px) 100vw, 1181px\" \/><a href=\"https:\/\/fondazione-riccardo-marina-mantovani.org\/wp-content\/uploads\/2025\/04\/ospedalemarzo201900087-1030x686.jpg\" data-srcset=\"https:\/\/fondazione-riccardo-marina-mantovani.org\/wp-content\/uploads\/2025\/04\/ospedalemarzo201900087-1030x686.jpg 1030w, https:\/\/fondazione-riccardo-marina-mantovani.org\/wp-content\/uploads\/2025\/04\/ospedalemarzo201900087-300x200.jpg 300w, https:\/\/fondazione-riccardo-marina-mantovani.org\/wp-content\/uploads\/2025\/04\/ospedalemarzo201900087-768x512.jpg 768w, https:\/\/fondazione-riccardo-marina-mantovani.org\/wp-content\/uploads\/2025\/04\/ospedalemarzo201900087-705x470.jpg 705w, https:\/\/fondazione-riccardo-marina-mantovani.org\/wp-content\/uploads\/2025\/04\/ospedalemarzo201900087.jpg 1181w\" data-sizes=\"(max-width: 1030px) 100vw, 1030px\" class='av-horizontal-gallery-link avia-svg-icon avia-font-svg_entypo-fontello' data-av_svg_icon='resize-full' data-av_iconset='svg_entypo-fontello' title='' alt='' aria-label='Open image in lightbox: '><svg version=\"1.1\" xmlns=\"http:\/\/www.w3.org\/2000\/svg\" width=\"25\" height=\"32\" viewBox=\"0 0 25 32\" preserveAspectRatio=\"xMidYMid meet\" aria-labelledby='av-svg-title-23' aria-describedby='av-svg-desc-23' role=\"graphics-symbol\" aria-hidden=\"true\">\n<title id='av-svg-title-23'>Open image in lightbox: <\/title>\n<desc id='av-svg-desc-23'>Open image in lightbox: <\/desc>\n<path d=\"M15.232 3.328h10.112v10.112l-3.2-3.968-4.672 4.864-3.2-3.2 4.864-4.672zM7.872 17.536l3.2 3.2-4.864 4.672 3.904 3.2h-10.112v-10.112l3.2 3.904z\"><\/path>\n<\/svg><\/a><\/div><div class=\"av-horizontal-gallery-wrap noHover\"><img decoding=\"async\" fetchpriority=\"high\" class='wp-image-3000 avia-img-lazy-loading-not-3000 av-horizontal-gallery-img' width=\"1181\" height=\"787\" src=\"https:\/\/fondazione-riccardo-marina-mantovani.org\/wp-content\/uploads\/2025\/04\/osp.maggio04.jpg\" title='' alt='' srcset=\"https:\/\/fondazione-riccardo-marina-mantovani.org\/wp-content\/uploads\/2025\/04\/osp.maggio04.jpg 1181w, https:\/\/fondazione-riccardo-marina-mantovani.org\/wp-content\/uploads\/2025\/04\/osp.maggio04-300x200.jpg 300w, https:\/\/fondazione-riccardo-marina-mantovani.org\/wp-content\/uploads\/2025\/04\/osp.maggio04-1030x686.jpg 1030w, https:\/\/fondazione-riccardo-marina-mantovani.org\/wp-content\/uploads\/2025\/04\/osp.maggio04-768x512.jpg 768w, https:\/\/fondazione-riccardo-marina-mantovani.org\/wp-content\/uploads\/2025\/04\/osp.maggio04-705x470.jpg 705w\" sizes=\"(max-width: 1181px) 100vw, 1181px\" \/><a href=\"https:\/\/fondazione-riccardo-marina-mantovani.org\/wp-content\/uploads\/2025\/04\/osp.maggio04-1030x686.jpg\" data-srcset=\"https:\/\/fondazione-riccardo-marina-mantovani.org\/wp-content\/uploads\/2025\/04\/osp.maggio04-1030x686.jpg 1030w, https:\/\/fondazione-riccardo-marina-mantovani.org\/wp-content\/uploads\/2025\/04\/osp.maggio04-300x200.jpg 300w, https:\/\/fondazione-riccardo-marina-mantovani.org\/wp-content\/uploads\/2025\/04\/osp.maggio04-768x512.jpg 768w, https:\/\/fondazione-riccardo-marina-mantovani.org\/wp-content\/uploads\/2025\/04\/osp.maggio04-705x470.jpg 705w, https:\/\/fondazione-riccardo-marina-mantovani.org\/wp-content\/uploads\/2025\/04\/osp.maggio04.jpg 1181w\" data-sizes=\"(max-width: 1030px) 100vw, 1030px\" class='av-horizontal-gallery-link avia-svg-icon avia-font-svg_entypo-fontello' data-av_svg_icon='resize-full' data-av_iconset='svg_entypo-fontello' title='' alt='' aria-label='Open image in lightbox: '><svg version=\"1.1\" xmlns=\"http:\/\/www.w3.org\/2000\/svg\" width=\"25\" height=\"32\" viewBox=\"0 0 25 32\" preserveAspectRatio=\"xMidYMid meet\" aria-labelledby='av-svg-title-24' aria-describedby='av-svg-desc-24' role=\"graphics-symbol\" aria-hidden=\"true\">\n<title id='av-svg-title-24'>Open image in lightbox: <\/title>\n<desc id='av-svg-desc-24'>Open image in lightbox: <\/desc>\n<path d=\"M15.232 3.328h10.112v10.112l-3.2-3.968-4.672 4.864-3.2-3.2 4.864-4.672zM7.872 17.536l3.2 3.2-4.864 4.672 3.904 3.2h-10.112v-10.112l3.2 3.904z\"><\/path>\n<\/svg><\/a><\/div><div class=\"av-horizontal-gallery-wrap noHover\"><img decoding=\"async\" fetchpriority=\"high\" class='wp-image-3004 avia-img-lazy-loading-not-3004 av-horizontal-gallery-img' width=\"1181\" height=\"787\" src=\"https:\/\/fondazione-riccardo-marina-mantovani.org\/wp-content\/uploads\/2025\/04\/ospedale_ottobre201912.jpg\" title='' alt='' srcset=\"https:\/\/fondazione-riccardo-marina-mantovani.org\/wp-content\/uploads\/2025\/04\/ospedale_ottobre201912.jpg 1181w, https:\/\/fondazione-riccardo-marina-mantovani.org\/wp-content\/uploads\/2025\/04\/ospedale_ottobre201912-300x200.jpg 300w, https:\/\/fondazione-riccardo-marina-mantovani.org\/wp-content\/uploads\/2025\/04\/ospedale_ottobre201912-1030x686.jpg 1030w, https:\/\/fondazione-riccardo-marina-mantovani.org\/wp-content\/uploads\/2025\/04\/ospedale_ottobre201912-768x512.jpg 768w, https:\/\/fondazione-riccardo-marina-mantovani.org\/wp-content\/uploads\/2025\/04\/ospedale_ottobre201912-705x470.jpg 705w\" sizes=\"(max-width: 1181px) 100vw, 1181px\" \/><a href=\"https:\/\/fondazione-riccardo-marina-mantovani.org\/wp-content\/uploads\/2025\/04\/ospedale_ottobre201912-1030x686.jpg\" data-srcset=\"https:\/\/fondazione-riccardo-marina-mantovani.org\/wp-content\/uploads\/2025\/04\/ospedale_ottobre201912-1030x686.jpg 1030w, https:\/\/fondazione-riccardo-marina-mantovani.org\/wp-content\/uploads\/2025\/04\/ospedale_ottobre201912-300x200.jpg 300w, https:\/\/fondazione-riccardo-marina-mantovani.org\/wp-content\/uploads\/2025\/04\/ospedale_ottobre201912-768x512.jpg 768w, https:\/\/fondazione-riccardo-marina-mantovani.org\/wp-content\/uploads\/2025\/04\/ospedale_ottobre201912-705x470.jpg 705w, https:\/\/fondazione-riccardo-marina-mantovani.org\/wp-content\/uploads\/2025\/04\/ospedale_ottobre201912.jpg 1181w\" data-sizes=\"(max-width: 1030px) 100vw, 1030px\" class='av-horizontal-gallery-link avia-svg-icon avia-font-svg_entypo-fontello' data-av_svg_icon='resize-full' data-av_iconset='svg_entypo-fontello' title='' alt='' aria-label='Open image in lightbox: '><svg version=\"1.1\" xmlns=\"http:\/\/www.w3.org\/2000\/svg\" width=\"25\" height=\"32\" viewBox=\"0 0 25 32\" preserveAspectRatio=\"xMidYMid meet\" aria-labelledby='av-svg-title-25' aria-describedby='av-svg-desc-25' role=\"graphics-symbol\" aria-hidden=\"true\">\n<title id='av-svg-title-25'>Open image in lightbox: <\/title>\n<desc id='av-svg-desc-25'>Open image in lightbox: <\/desc>\n<path d=\"M15.232 3.328h10.112v10.112l-3.2-3.968-4.672 4.864-3.2-3.2 4.864-4.672zM7.872 17.536l3.2 3.2-4.864 4.672 3.904 3.2h-10.112v-10.112l3.2 3.904z\"><\/path>\n<\/svg><\/a><\/div><div class=\"av-horizontal-gallery-wrap noHover\"><img decoding=\"async\" fetchpriority=\"high\" class='wp-image-3008 avia-img-lazy-loading-not-3008 av-horizontal-gallery-img' width=\"1181\" height=\"787\" src=\"https:\/\/fondazione-riccardo-marina-mantovani.org\/wp-content\/uploads\/2025\/04\/ospedale_ottobre201917.jpg\" title='' alt='' srcset=\"https:\/\/fondazione-riccardo-marina-mantovani.org\/wp-content\/uploads\/2025\/04\/ospedale_ottobre201917.jpg 1181w, https:\/\/fondazione-riccardo-marina-mantovani.org\/wp-content\/uploads\/2025\/04\/ospedale_ottobre201917-300x200.jpg 300w, https:\/\/fondazione-riccardo-marina-mantovani.org\/wp-content\/uploads\/2025\/04\/ospedale_ottobre201917-1030x686.jpg 1030w, https:\/\/fondazione-riccardo-marina-mantovani.org\/wp-content\/uploads\/2025\/04\/ospedale_ottobre201917-768x512.jpg 768w, https:\/\/fondazione-riccardo-marina-mantovani.org\/wp-content\/uploads\/2025\/04\/ospedale_ottobre201917-705x470.jpg 705w\" sizes=\"(max-width: 1181px) 100vw, 1181px\" \/><a href=\"https:\/\/fondazione-riccardo-marina-mantovani.org\/wp-content\/uploads\/2025\/04\/ospedale_ottobre201917-1030x686.jpg\" data-srcset=\"https:\/\/fondazione-riccardo-marina-mantovani.org\/wp-content\/uploads\/2025\/04\/ospedale_ottobre201917-1030x686.jpg 1030w, https:\/\/fondazione-riccardo-marina-mantovani.org\/wp-content\/uploads\/2025\/04\/ospedale_ottobre201917-300x200.jpg 300w, https:\/\/fondazione-riccardo-marina-mantovani.org\/wp-content\/uploads\/2025\/04\/ospedale_ottobre201917-768x512.jpg 768w, https:\/\/fondazione-riccardo-marina-mantovani.org\/wp-content\/uploads\/2025\/04\/ospedale_ottobre201917-705x470.jpg 705w, https:\/\/fondazione-riccardo-marina-mantovani.org\/wp-content\/uploads\/2025\/04\/ospedale_ottobre201917.jpg 1181w\" data-sizes=\"(max-width: 1030px) 100vw, 1030px\" class='av-horizontal-gallery-link avia-svg-icon avia-font-svg_entypo-fontello' data-av_svg_icon='resize-full' data-av_iconset='svg_entypo-fontello' title='' alt='' aria-label='Open image in lightbox: '><svg version=\"1.1\" xmlns=\"http:\/\/www.w3.org\/2000\/svg\" width=\"25\" height=\"32\" viewBox=\"0 0 25 32\" preserveAspectRatio=\"xMidYMid meet\" aria-labelledby='av-svg-title-26' aria-describedby='av-svg-desc-26' role=\"graphics-symbol\" aria-hidden=\"true\">\n<title id='av-svg-title-26'>Open image in lightbox: <\/title>\n<desc id='av-svg-desc-26'>Open image in lightbox: <\/desc>\n<path d=\"M15.232 3.328h10.112v10.112l-3.2-3.968-4.672 4.864-3.2-3.2 4.864-4.672zM7.872 17.536l3.2 3.2-4.864 4.672 3.904 3.2h-10.112v-10.112l3.2 3.904z\"><\/path>\n<\/svg><\/a><\/div><div class=\"av-horizontal-gallery-wrap noHover\"><img decoding=\"async\" fetchpriority=\"high\" class='wp-image-3024 avia-img-lazy-loading-not-3024 av-horizontal-gallery-img' width=\"1754\" height=\"1170\" src=\"https:\/\/fondazione-riccardo-marina-mantovani.org\/wp-content\/uploads\/2025\/04\/PRESENTAZIONE-OSPEDALE62.jpg\" title='' alt='' srcset=\"https:\/\/fondazione-riccardo-marina-mantovani.org\/wp-content\/uploads\/2025\/04\/PRESENTAZIONE-OSPEDALE62.jpg 1754w, https:\/\/fondazione-riccardo-marina-mantovani.org\/wp-content\/uploads\/2025\/04\/PRESENTAZIONE-OSPEDALE62-300x200.jpg 300w, https:\/\/fondazione-riccardo-marina-mantovani.org\/wp-content\/uploads\/2025\/04\/PRESENTAZIONE-OSPEDALE62-1030x687.jpg 1030w, https:\/\/fondazione-riccardo-marina-mantovani.org\/wp-content\/uploads\/2025\/04\/PRESENTAZIONE-OSPEDALE62-768x512.jpg 768w, https:\/\/fondazione-riccardo-marina-mantovani.org\/wp-content\/uploads\/2025\/04\/PRESENTAZIONE-OSPEDALE62-1536x1025.jpg 1536w, https:\/\/fondazione-riccardo-marina-mantovani.org\/wp-content\/uploads\/2025\/04\/PRESENTAZIONE-OSPEDALE62-1500x1001.jpg 1500w, https:\/\/fondazione-riccardo-marina-mantovani.org\/wp-content\/uploads\/2025\/04\/PRESENTAZIONE-OSPEDALE62-705x470.jpg 705w\" sizes=\"(max-width: 1754px) 100vw, 1754px\" \/><a href=\"https:\/\/fondazione-riccardo-marina-mantovani.org\/wp-content\/uploads\/2025\/04\/PRESENTAZIONE-OSPEDALE62-1030x687.jpg\" data-srcset=\"https:\/\/fondazione-riccardo-marina-mantovani.org\/wp-content\/uploads\/2025\/04\/PRESENTAZIONE-OSPEDALE62-1030x687.jpg 1030w, https:\/\/fondazione-riccardo-marina-mantovani.org\/wp-content\/uploads\/2025\/04\/PRESENTAZIONE-OSPEDALE62-300x200.jpg 300w, https:\/\/fondazione-riccardo-marina-mantovani.org\/wp-content\/uploads\/2025\/04\/PRESENTAZIONE-OSPEDALE62-768x512.jpg 768w, https:\/\/fondazione-riccardo-marina-mantovani.org\/wp-content\/uploads\/2025\/04\/PRESENTAZIONE-OSPEDALE62-1536x1025.jpg 1536w, https:\/\/fondazione-riccardo-marina-mantovani.org\/wp-content\/uploads\/2025\/04\/PRESENTAZIONE-OSPEDALE62-1500x1001.jpg 1500w, https:\/\/fondazione-riccardo-marina-mantovani.org\/wp-content\/uploads\/2025\/04\/PRESENTAZIONE-OSPEDALE62-705x470.jpg 705w, https:\/\/fondazione-riccardo-marina-mantovani.org\/wp-content\/uploads\/2025\/04\/PRESENTAZIONE-OSPEDALE62.jpg 1754w\" data-sizes=\"(max-width: 1030px) 100vw, 1030px\" class='av-horizontal-gallery-link avia-svg-icon avia-font-svg_entypo-fontello' data-av_svg_icon='resize-full' data-av_iconset='svg_entypo-fontello' title='' alt='' aria-label='Open image in lightbox: '><svg version=\"1.1\" xmlns=\"http:\/\/www.w3.org\/2000\/svg\" width=\"25\" height=\"32\" viewBox=\"0 0 25 32\" preserveAspectRatio=\"xMidYMid meet\" aria-labelledby='av-svg-title-27' aria-describedby='av-svg-desc-27' role=\"graphics-symbol\" aria-hidden=\"true\">\n<title id='av-svg-title-27'>Open image in lightbox: <\/title>\n<desc id='av-svg-desc-27'>Open image in lightbox: <\/desc>\n<path d=\"M15.232 3.328h10.112v10.112l-3.2-3.968-4.672 4.864-3.2-3.2 4.864-4.672zM7.872 17.536l3.2 3.2-4.864 4.672 3.904 3.2h-10.112v-10.112l3.2 3.904z\"><\/path>\n<\/svg><\/a><\/div><\/div><\/div><\/div>\n\n<style type=\"text\/css\" data-created_by=\"avia_inline_auto\" id=\"style-css-av-1wl5st-58fa5b24e3ea28b91f7193543a8ef71e\">\n.avia-section.av-1wl5st-58fa5b24e3ea28b91f7193543a8ef71e{\nmargin-top:0px;\nmargin-bottom:0px;\n}\n\n@media only screen and (min-width: 990px){ \n.avia-section.av-1wl5st-58fa5b24e3ea28b91f7193543a8ef71e{\nmargin-bottom:50px;\n}\n}\n\n@media only screen and (max-width: 479px){ \n.avia-section.av-1wl5st-58fa5b24e3ea28b91f7193543a8ef71e{\nmargin-bottom:20px;\n}\n}\n<\/style>\n<div id='av_section_4'  class='avia-section av-1wl5st-58fa5b24e3ea28b91f7193543a8ef71e main_color avia-section-default avia-no-border-styling  avia-builder-el-14  el_after_av_horizontal_gallery  el_before_av_section  avia-bg-style-scroll container_wrap fullsize'  ><div class='container av-section-cont-open' ><div class='template-page content  av-content-full alpha units'><div class='post-entry post-entry-type-page post-entry-4833'><div class='entry-content-wrapper clearfix'>\n\n<style type=\"text\/css\" data-created_by=\"avia_inline_auto\" id=\"style-css-av-macf5xes-2074c7f8566268f6fcd9f942455e88b7\">\n#top .hr.hr-invisible.av-macf5xes-2074c7f8566268f6fcd9f942455e88b7{\nmargin-top:-80px;\nheight:1px;\n}\n<\/style>\n<div  class='hr av-macf5xes-2074c7f8566268f6fcd9f942455e88b7 hr-invisible  avia-builder-el-15  el_before_av_textblock  avia-builder-el-first  desktop'><span class='hr-inner '><span class=\"hr-inner-style\"><\/span><\/span><\/div>\n\n<style type=\"text\/css\" data-created_by=\"avia_inline_auto\" id=\"style-css-av-maceucin-424946e1cf1871dd662b890b48551b96\">\n#top .av_textblock_section.av-maceucin-424946e1cf1871dd662b890b48551b96 .avia_textblock{\nfont-size:21px;\ncolor:#ff6000;\ntext-align:center;\n}\n<\/style>\n<section  class='av_textblock_section av-maceucin-424946e1cf1871dd662b890b48551b96 '   itemscope=\"itemscope\" itemtype=\"https:\/\/schema.org\/CreativeWork\" ><div class='avia_textblock av_inherit_color'  itemprop=\"text\" ><p>Con los 30.000,00 euros enviados en marzo por la Fundaci\u00f3n Riccardo e Marina Mantovani, se encontr\u00f3 mucha agua excavando hasta una profundidad de 127 metros, ahora con los 20.000,00 euros que se acaban de enviar, se completar\u00e1n las obras haciendo las tuber\u00edas necesarias para llevar el agua hasta el hospital y donde se necesite. \u00a1Buen trabajo y gracias a todos los que est\u00e1n trabajando a nuestro lado para que esto sea posible!<\/p>\n<\/div><\/section>\n\n<style type=\"text\/css\" data-created_by=\"avia_inline_auto\" id=\"style-css-av-4p5x0t-f80c3629e31b14ec8a6af687e0452a18\">\n.flex_column.av-4p5x0t-f80c3629e31b14ec8a6af687e0452a18{\nwidth:49%;\n}\n<\/style>\n<div  class='flex_column av-4p5x0t-f80c3629e31b14ec8a6af687e0452a18 av_one_half  avia-builder-el-17  el_after_av_textblock  el_before_av_one_half  first flex_column_div  column-top-margin'     ><p>\n<style type=\"text\/css\" data-created_by=\"avia_inline_auto\" id=\"style-css-av-8wj5v1-2427270c7243beaf1f0194298b8ac147\">\n.avia-video.av-8wj5v1-2427270c7243beaf1f0194298b8ac147{\nbackground-image:url(https:\/\/fondazione-riccardo-marina-mantovani.org\/wp-content\/uploads\/2025\/05\/img-preview-pozzo01.jpg);\npadding-bottom:56%;\n}\n<\/style>\n<div  class='avia-video av-8wj5v1-2427270c7243beaf1f0194298b8ac147 avia-video-custom av-preview-image avia-video-load-always avia-video-html5'  itemprop=\"video\" itemtype=\"https:\/\/schema.org\/VideoObject\"  data-original_url='https:\/\/fondazione-riccardo-marina-mantovani.org\/wp-content\/uploads\/2025\/05\/O1-AcquaMarina_Video03-21.32.36.mp4'><video class='avia_video' poster=\"https:\/\/fondazione-riccardo-marina-mantovani.org\/wp-content\/uploads\/2025\/05\/img-preview-pozzo01.jpg\"   preload=\"auto\"  controls id='player_4833_975754426_690299791'><source src='https:\/\/fondazione-riccardo-marina-mantovani.org\/wp-content\/uploads\/2025\/05\/O1-AcquaMarina_Video03-21.32.36.mp4' type='video\/mp4' \/><\/video><\/div><br \/>\n\n<style type=\"text\/css\" data-created_by=\"avia_inline_auto\" id=\"style-css-av-1u3zx9-a75223db78cf036c4812b47feb4bd2de\">\n#top .hr.hr-invisible.av-1u3zx9-a75223db78cf036c4812b47feb4bd2de{\nheight:30px;\n}\n<\/style>\n<div  class='hr av-1u3zx9-a75223db78cf036c4812b47feb4bd2de hr-invisible  avia-builder-el-19  el_after_av_video  el_before_av_video  av-small-hide av-mini-hide'><span class='hr-inner '><span class=\"hr-inner-style\"><\/span><\/span><\/div><br \/>\n\n<style type=\"text\/css\" data-created_by=\"avia_inline_auto\" id=\"style-css-av-2vsy8d-7c734099d3f918327e306d851304f30a\">\n.avia-video.av-2vsy8d-7c734099d3f918327e306d851304f30a{\nbackground-image:url(https:\/\/fondazione-riccardo-marina-mantovani.org\/wp-content\/uploads\/2025\/05\/img-preview-pozzo03.jpg);\npadding-bottom:178%;\n}\n<\/style>\n<div  class='avia-video av-2vsy8d-7c734099d3f918327e306d851304f30a avia-video-custom av-preview-image avia-video-load-always avia-video-html5'  itemprop=\"video\" itemtype=\"https:\/\/schema.org\/VideoObject\"  data-original_url='https:\/\/fondazione-riccardo-marina-mantovani.org\/wp-content\/uploads\/2025\/05\/V1-AcquaMarina_Video01.mp4'><video class='avia_video' poster=\"https:\/\/fondazione-riccardo-marina-mantovani.org\/wp-content\/uploads\/2025\/05\/img-preview-pozzo03.jpg\"   preload=\"auto\"  controls id='player_4833_1794880192_744080893'><source src='https:\/\/fondazione-riccardo-marina-mantovani.org\/wp-content\/uploads\/2025\/05\/V1-AcquaMarina_Video01.mp4' type='video\/mp4' \/><\/video><\/div><\/p><\/div>\n<style type=\"text\/css\" data-created_by=\"avia_inline_auto\" id=\"style-css-av-sxwml-ef44d79741dcbf530f7a8dddc2846ea6\">\n.flex_column.av-sxwml-ef44d79741dcbf530f7a8dddc2846ea6{\nwidth:49%;\nmargin-left:2%;\n}\n<\/style>\n<div  class='flex_column av-sxwml-ef44d79741dcbf530f7a8dddc2846ea6 av_one_half  avia-builder-el-21  el_after_av_one_half  avia-builder-el-last  flex_column_div  column-top-margin'     ><p>\n<style type=\"text\/css\" data-created_by=\"avia_inline_auto\" id=\"style-css-av-5mywr1-e205ea2bb5b6feab91c5e59820c6c1bc\">\n.avia-video.av-5mywr1-e205ea2bb5b6feab91c5e59820c6c1bc{\nbackground-image:url(https:\/\/fondazione-riccardo-marina-mantovani.org\/wp-content\/uploads\/2025\/05\/img-preview-pozzo02.jpg);\npadding-bottom:56%;\n}\n<\/style>\n<div  class='avia-video av-5mywr1-e205ea2bb5b6feab91c5e59820c6c1bc avia-video-custom av-preview-image avia-video-load-always avia-video-html5'  itemprop=\"video\" itemtype=\"https:\/\/schema.org\/VideoObject\"  data-original_url='https:\/\/fondazione-riccardo-marina-mantovani.org\/wp-content\/uploads\/2025\/05\/O2-AcquaMarina_Video04-1.mp4'><video class='avia_video' poster=\"https:\/\/fondazione-riccardo-marina-mantovani.org\/wp-content\/uploads\/2025\/05\/img-preview-pozzo02.jpg\"   preload=\"auto\"  controls id='player_4833_732879540_143392109'><source src='https:\/\/fondazione-riccardo-marina-mantovani.org\/wp-content\/uploads\/2025\/05\/O2-AcquaMarina_Video04-1.mp4' type='video\/mp4' \/><\/video><\/div><br \/>\n\n<style type=\"text\/css\" data-created_by=\"avia_inline_auto\" id=\"style-css-av-mabhwdo1-8b1e03fbe65b2f3887ed9d290cce5514\">\n#top .hr.hr-invisible.av-mabhwdo1-8b1e03fbe65b2f3887ed9d290cce5514{\nheight:30px;\n}\n<\/style>\n<div  class='hr av-mabhwdo1-8b1e03fbe65b2f3887ed9d290cce5514 hr-invisible  avia-builder-el-23  el_after_av_video  el_before_av_video  av-small-hide av-mini-hide'><span class='hr-inner '><span class=\"hr-inner-style\"><\/span><\/span><\/div><br \/>\n\n<style type=\"text\/css\" data-created_by=\"avia_inline_auto\" id=\"style-css-av-30sckd-f22654123cbb6b1b249e65ce18565e9f\">\n.avia-video.av-30sckd-f22654123cbb6b1b249e65ce18565e9f{\nbackground-image:url(https:\/\/fondazione-riccardo-marina-mantovani.org\/wp-content\/uploads\/2025\/05\/img-preview-pozzo04.jpg);\npadding-bottom:178%;\n}\n<\/style>\n<div  class='avia-video av-30sckd-f22654123cbb6b1b249e65ce18565e9f avia-video-custom av-preview-image avia-video-load-always avia-video-html5'  itemprop=\"video\" itemtype=\"https:\/\/schema.org\/VideoObject\"  data-original_url='https:\/\/fondazione-riccardo-marina-mantovani.org\/wp-content\/uploads\/2025\/05\/V2-AcquaMarina_Video02.mp4'><video class='avia_video' poster=\"https:\/\/fondazione-riccardo-marina-mantovani.org\/wp-content\/uploads\/2025\/05\/img-preview-pozzo04.jpg\"   preload=\"auto\"  controls id='player_4833_2101330063_1111048281'><source src='https:\/\/fondazione-riccardo-marina-mantovani.org\/wp-content\/uploads\/2025\/05\/V2-AcquaMarina_Video02.mp4' type='video\/mp4' \/><\/video><\/div><\/p><\/div>\n\n<\/div><\/div><\/div><!-- close content main div --><\/div><\/div>\n<style type=\"text\/css\" data-created_by=\"avia_inline_auto\" id=\"style-css-av-rw6lp-fb3c442e234f7e272c6ff2b2632275ee\">\n.avia-section.av-rw6lp-fb3c442e234f7e272c6ff2b2632275ee{\nbackground-color:#ff6000;\nbackground-image:unset;\n}\n<\/style>\n<div id='av_section_5'  class='avia-section av-rw6lp-fb3c442e234f7e272c6ff2b2632275ee main_color avia-section-default avia-no-border-styling  avia-builder-el-25  el_after_av_section  avia-builder-el-last  avia-bg-style-scroll av-minimum-height av-minimum-height-50 av-height-50  container_wrap fullsize'   data-av_minimum_height_pc='50' data-av_min_height_opt='50'><div class='container av-section-cont-open' ><div class='template-page content  av-content-full alpha units'><div class='post-entry post-entry-type-page post-entry-4833'><div class='entry-content-wrapper clearfix'>\n\n<style type=\"text\/css\" data-created_by=\"avia_inline_auto\" id=\"style-css-av-6dpwyl-e5c0d0bdfe690d4a772ba83de4ce62bd\">\n#top .av-special-heading.av-6dpwyl-e5c0d0bdfe690d4a772ba83de4ce62bd{\npadding-bottom:10px;\ncolor:#ffffff;\nfont-size:50px;\n}\nbody .av-special-heading.av-6dpwyl-e5c0d0bdfe690d4a772ba83de4ce62bd .av-special-heading-tag .heading-char{\nfont-size:25px;\n}\n#top #wrap_all .av-special-heading.av-6dpwyl-e5c0d0bdfe690d4a772ba83de4ce62bd .av-special-heading-tag{\nfont-size:50px;\n}\n.av-special-heading.av-6dpwyl-e5c0d0bdfe690d4a772ba83de4ce62bd .special-heading-inner-border{\nborder-color:#ffffff;\n}\n.av-special-heading.av-6dpwyl-e5c0d0bdfe690d4a772ba83de4ce62bd .av-subheading{\nfont-size:15px;\n}\n\n@media only screen and (min-width: 480px) and (max-width: 767px){ \n#top #wrap_all .av-special-heading.av-6dpwyl-e5c0d0bdfe690d4a772ba83de4ce62bd .av-special-heading-tag{\nfont-size:0.8em;\n}\n}\n\n@media only screen and (max-width: 479px){ \n#top #wrap_all .av-special-heading.av-6dpwyl-e5c0d0bdfe690d4a772ba83de4ce62bd .av-special-heading-tag{\nfont-size:0.8em;\n}\n}\n<\/style>\n<div  class='av-special-heading av-6dpwyl-e5c0d0bdfe690d4a772ba83de4ce62bd av-special-heading-h3 custom-color-heading blockquote modern-quote  avia-builder-el-26  el_before_av_masonry_entries  avia-builder-el-no-sibling  cormorant av-inherit-size'><h3 class='av-special-heading-tag '  itemprop=\"headline\"  >NOTICIAS<\/h3><div class=\"special-heading-border\"><div class=\"special-heading-inner-border\"><\/div><\/div><\/div>\n<div id='av-masonry-1' class='av-masonry av-m9a32szg-06ceb2c75ff6a210e064bd047d1842d4 noHover av-flex-size av-large-gap av-hover-overlay- av-masonry-animation-active av-masonry-col-flexible av-caption-always av-caption-style- av-masonry-entries ' data-post_id=\"4833\"><div class=\"av-masonry-container isotope av-js-disabled\"><div class='av-masonry-entry isotope-item av-masonry-item-no-image '><\/div><a href=\"https:\/\/fondazione-riccardo-marina-mantovani.org\/es\/felicitaciones-de-pascua-y-agradecimientos-de-los-amigos-de-adwa-en-etiopia\/\"  id='av-masonry-1-item-5401' data-av-masonry-item='5401' class='av-masonry-entry isotope-item post-5401 post type-post status-publish format-standard has-post-thumbnail hentry category-acquamarina-es category-home-es  av-masonry-item-with-image' title=\"lettera-pasqua-2025-completa-digitale_Pagina_1-preview\"   itemscope=\"itemscope\" itemtype=\"https:\/\/schema.org\/CreativeWork\" ><div class='av-inner-masonry-sizer'><\/div><figure class='av-inner-masonry main_color'><div class=\"av-masonry-outerimage-container\"><div class='av-masonry-image-container'  ><img decoding=\"async\" width=\"1100\" height=\"750\" fetchpriority=\"high\" class=\"wp-image-5366 avia-img-lazy-loading-not-5366\"  src=\"https:\/\/fondazione-riccardo-marina-mantovani.org\/wp-content\/uploads\/2025\/04\/lettera-pasqua-2025-completa-digitale_Pagina_1-preview.jpg\" title=\"lettera-pasqua-2025-completa-digitale_Pagina_1-preview\" alt=\"\" srcset=\"https:\/\/fondazione-riccardo-marina-mantovani.org\/wp-content\/uploads\/2025\/04\/lettera-pasqua-2025-completa-digitale_Pagina_1-preview.jpg 1100w, https:\/\/fondazione-riccardo-marina-mantovani.org\/wp-content\/uploads\/2025\/04\/lettera-pasqua-2025-completa-digitale_Pagina_1-preview-300x205.jpg 300w, https:\/\/fondazione-riccardo-marina-mantovani.org\/wp-content\/uploads\/2025\/04\/lettera-pasqua-2025-completa-digitale_Pagina_1-preview-1030x702.jpg 1030w, https:\/\/fondazione-riccardo-marina-mantovani.org\/wp-content\/uploads\/2025\/04\/lettera-pasqua-2025-completa-digitale_Pagina_1-preview-768x524.jpg 768w, https:\/\/fondazione-riccardo-marina-mantovani.org\/wp-content\/uploads\/2025\/04\/lettera-pasqua-2025-completa-digitale_Pagina_1-preview-705x481.jpg 705w\" sizes=\"(max-width: 1100px) 100vw, 1100px\" \/><\/div><\/div><figcaption class='av-inner-masonry-content site-background'><div class='av-inner-masonry-content-pos'><div class='av-inner-masonry-content-pos-content'><div class='avia-arrow'><\/div><h3 class='av-masonry-entry-title entry-title '  itemprop=\"headline\" >Felicitaciones de Pascua y Agradecimientos de los Amigos de Adwa en Etiop\u00eda<\/h3><div class='av-masonry-entry-content entry-content'  itemprop=\"text\" >M\u00e1s informaci\u00f3n<\/div><span class='av-masonry-date meta-color updated'>18\/04\/2025<\/span><span class=\"av-masonry-text-sep text-sep-author\">\/<\/span><span class='av-masonry-author meta-color author'><span class='fn'>por Andy<\/span><\/span><\/div><\/div><\/figcaption><\/figure><\/a><!--end av-masonry entry--><a href=\"https:\/\/fondazione-riccardo-marina-mantovani.org\/es\/comienzo-de-los-trabajos-para-encontrar-agua-para-el-pozo\/\"  id='av-masonry-1-item-4646' data-av-masonry-item='4646' class='av-masonry-entry isotope-item post-4646 post type-post status-publish format-standard has-post-thumbnail hentry category-acquamarina-es category-home-es  av-masonry-item-with-image' title=\"pozzo\"   itemscope=\"itemscope\" itemtype=\"https:\/\/schema.org\/CreativeWork\" ><div class='av-inner-masonry-sizer'><\/div><figure class='av-inner-masonry main_color'><div class=\"av-masonry-outerimage-container\"><div class='av-masonry-image-container'  ><img decoding=\"async\" width=\"900\" height=\"900\" fetchpriority=\"high\" class=\"wp-image-7477 avia-img-lazy-loading-not-7477\"  src=\"https:\/\/fondazione-riccardo-marina-mantovani.org\/wp-content\/uploads\/2025\/03\/pozzo.jpg\" title=\"pozzo\" alt=\"\" srcset=\"https:\/\/fondazione-riccardo-marina-mantovani.org\/wp-content\/uploads\/2025\/03\/pozzo.jpg 900w, https:\/\/fondazione-riccardo-marina-mantovani.org\/wp-content\/uploads\/2025\/03\/pozzo-300x300.jpg 300w, https:\/\/fondazione-riccardo-marina-mantovani.org\/wp-content\/uploads\/2025\/03\/pozzo-80x80.jpg 80w, https:\/\/fondazione-riccardo-marina-mantovani.org\/wp-content\/uploads\/2025\/03\/pozzo-768x768.jpg 768w, https:\/\/fondazione-riccardo-marina-mantovani.org\/wp-content\/uploads\/2025\/03\/pozzo-36x36.jpg 36w, https:\/\/fondazione-riccardo-marina-mantovani.org\/wp-content\/uploads\/2025\/03\/pozzo-180x180.jpg 180w, https:\/\/fondazione-riccardo-marina-mantovani.org\/wp-content\/uploads\/2025\/03\/pozzo-705x705.jpg 705w\" sizes=\"(max-width: 900px) 100vw, 900px\" \/><\/div><\/div><figcaption class='av-inner-masonry-content site-background'><div class='av-inner-masonry-content-pos'><div class='av-inner-masonry-content-pos-content'><div class='avia-arrow'><\/div><h3 class='av-masonry-entry-title entry-title '  itemprop=\"headline\" >COMIENZO DE LOS TRABAJOS PARA ENCONTRAR AGUA PARA EL POZO<\/h3><div class='av-masonry-entry-content entry-content'  itemprop=\"text\" >PROYECTO ACQUAMARINA<br \/>\r\nM\u00e1s informaci\u00f3n<\/div><span class='av-masonry-date meta-color updated'>14\/03\/2025<\/span><span class=\"av-masonry-text-sep text-sep-author\">\/<\/span><span class='av-masonry-author meta-color author'><span class='fn'>por Andy<\/span><\/span><\/div><\/div><\/figcaption><\/figure><\/a><!--end av-masonry entry--><\/div><\/div>\n\n<style type=\"text\/css\" data-created_by=\"avia_inline_auto\" id=\"style-css-av-3hqrvh-34e6c0fdd26eb1d08486e7c2272b8b5b\">\n#top .hr.hr-invisible.av-3hqrvh-34e6c0fdd26eb1d08486e7c2272b8b5b{\nheight:20px;\n}\n<\/style>\n<div  class='hr av-3hqrvh-34e6c0fdd26eb1d08486e7c2272b8b5b hr-invisible  avia-builder-el-28  el_after_av_masonry_entries  el_before_av_button  avia-builder-el-first '><span class='hr-inner '><span class=\"hr-inner-style\"><\/span><\/span><\/div>\n<div  class='avia-button-wrap av-389jx9-c10ab38a03524bc0fb162ae5ffccf9e8-wrap avia-button-left  avia-builder-el-29  el_after_av_hr  avia-builder-el-last '>\n<style type=\"text\/css\" data-created_by=\"avia_inline_auto\" id=\"style-css-av-389jx9-c10ab38a03524bc0fb162ae5ffccf9e8\">\n#top #wrap_all .avia-button.av-389jx9-c10ab38a03524bc0fb162ae5ffccf9e8{\nfont-size:20px;\nborder-style:none;\nbox-shadow:none;\ntransition:all 0.4s ease-in-out;\n}\n<\/style>\n<a href='https:\/\/fondazione-riccardo-marina-mantovani.org\/news\/'  class='avia-button av-389jx9-c10ab38a03524bc0fb162ae5ffccf9e8 av-link-btn avia-icon_select-no avia-size-small avia-position-left avia-color-light'   aria-label=\"VER TODAS LAS NOTICIAS\"><span class='avia_iconbox_title' >VER TODAS LAS NOTICIAS<\/span><\/a><\/div>\n\n","protected":false},"excerpt":{"rendered":"","protected":false},"author":1,"featured_media":0,"parent":0,"menu_order":0,"comment_status":"closed","ping_status":"closed","template":"","meta":{"_monsterinsights_skip_tracking":false,"_monsterinsights_sitenote_active":false,"_monsterinsights_sitenote_note":"","_monsterinsights_sitenote_category":0,"footnotes":""},"class_list":["post-4833","page","type-page","status-publish","hentry"],"_links":{"self":[{"href":"https:\/\/fondazione-riccardo-marina-mantovani.org\/es\/wp-json\/wp\/v2\/pages\/4833","targetHints":{"allow":["GET"]}}],"collection":[{"href":"https:\/\/fondazione-riccardo-marina-mantovani.org\/es\/wp-json\/wp\/v2\/pages"}],"about":[{"href":"https:\/\/fondazione-riccardo-marina-mantovani.org\/es\/wp-json\/wp\/v2\/types\/page"}],"author":[{"embeddable":true,"href":"https:\/\/fondazione-riccardo-marina-mantovani.org\/es\/wp-json\/wp\/v2\/users\/1"}],"replies":[{"embeddable":true,"href":"https:\/\/fondazione-riccardo-marina-mantovani.org\/es\/wp-json\/wp\/v2\/comments?post=4833"}],"version-history":[{"count":28,"href":"https:\/\/fondazione-riccardo-marina-mantovani.org\/es\/wp-json\/wp\/v2\/pages\/4833\/revisions"}],"predecessor-version":[{"id":8932,"href":"https:\/\/fondazione-riccardo-marina-mantovani.org\/es\/wp-json\/wp\/v2\/pages\/4833\/revisions\/8932"}],"wp:attachment":[{"href":"https:\/\/fondazione-riccardo-marina-mantovani.org\/es\/wp-json\/wp\/v2\/media?parent=4833"}],"curies":[{"name":"wp","href":"https:\/\/api.w.org\/{rel}","templated":true}]}}